{"id":11036,"date":"2020-05-14T20:00:14","date_gmt":"2020-05-14T18:00:14","guid":{"rendered":"https:\/\/aslaksen.bcc.no\/?page_id=11036"},"modified":"2020-08-21T12:21:06","modified_gmt":"2020-08-21T10:21:06","slug":"las-dos-metas-grandes-en-la-vida-del-cristiano","status":"publish","type":"page","link":"https:\/\/words-of-faith.org\/es\/bible-study\/tema-2\/las-dos-metas-grandes-en-la-vida-del-cristiano\/","title":{"rendered":"Las dos metas grandes en la vida del cristiano"},"content":{"rendered":"\n\t<section class=\"section\" id=\"section_680086967\">\n\t\t<div class=\"section-bg fill\" >\n\t\t\t\t\t\t\t\t\t\n\t\t\t\n\n\t\t<\/div>\n\n\t\t\n\n\t\t<div class=\"section-content relative\">\n\t\t\t\n<div class=\"row align-center\"  id=\"row-1874120850\">\n\n\t<div id=\"col-1952804886\" class=\"col small-12 large-12\"  >\n\t\t\t\t<div class=\"col-inner\"  >\n\t\t\t\n\t\t\t\n<p class=\"breadcrumbs\"><a href=\"..\/\">Theme 2<\/a> \/ Messages<\/p>\n<h1>Las dos metas grandes en la vida del cristiano<\/h1>\n<p class=\"article-date\">Skjulte Skatter, publisert november 1957<\/p>\n<p class=\"article-author\">av Elias Aslaksen<\/p>\n\t\t<\/div>\n\t\t\t\t\t<\/div>\n\n\t\n\n<style>\n#row-1874120850 > .col > .col-inner {\n  padding: 30px 0px 0px 0px;\n}\n<\/style>\n<\/div>\n<div class=\"row align-center audio\"  id=\"row-319014794\">\n\n\t<div id=\"col-1175366306\" class=\"col small-12 large-12\"  >\n\t\t\t\t<div class=\"col-inner\"  >\n\t\t\t\n\t\t\t\n<!--[if lt IE 9]><script>document.createElement('audio');<\/script><![endif]-->\n<audio class=\"wp-audio-shortcode\" id=\"audio-11036-1\" preload=\"none\" style=\"width: 100%;\" controls=\"controls\"><source type=\"audio\/mpeg\" src=\"\/audio\/Tema%202\/es\/12_De%20to%20store%20m%C3%A5l%20i%20den%20kristnes%20liv_ES.mp3?_=1\" \/><a href=\"\/audio\/Tema%202\/es\/12_De%20to%20store%20m%C3%A5l%20i%20den%20kristnes%20liv_ES.mp3\">\/audio\/Tema%202\/es\/12_De%20to%20store%20m%C3%A5l%20i%20den%20kristnes%20liv_ES.mp3<\/a><\/audio>\n<p class=\"click-to-listen\">Click to listen to the speech.<\/p>\n\t\t<\/div>\n\t\t\t\t\t<\/div>\n\n\t\n<\/div>\n<div class=\"row align-center article article-excerpt\"  id=\"row-117085419\">\n\n\t<div id=\"col-856206116\" class=\"col small-12 large-12\"  >\n\t\t\t\t<div class=\"col-inner text-left\"  >\n\t\t\t\n\t\t\t\n<div id=\"chapter-element-2\" data-v-7f3df67e=\"\">\n<p>I: Vencer siempre sobre todo pecado consciente.<\/p>\n<p>El hecho de que Cristo haya muerto por nuestros pecados, nos proporciona el perd\u00f3n de pecados si lo creemos y si perdonamos de coraz\u00f3n a nuestros deudores.<\/p>\n<p>La victoria sobre todo pecado consciente tambi\u00e9n la obtenemos por medio de la fe, en otras palabras, por creer que nuestro viejo hombre fue crucificado con Cristo. Ro. 6. 6, o como se expresa en Ga. 2. 20.<\/p>\n<p>\u201cCon Cristo estoy juntamente crucificado\u2026\u201d<\/p>\n<p>Con esta fe, y por medio de ella, morimos al hecho de pecar, a todo pecado consciente;&nbsp;de modo que, en vez de pecar, podamos&nbsp;permanecer de pie como vencedores en cada tentaci\u00f3n.<\/p>\n<p>\u00a1Qu\u00e9 glorioso es poder vivir siempre de esa manera con buena conciencia delante de Dios y de los hombres!<\/p>\n<p>Pablo escribe: \u201cMas a Dios gracias, el cual nos lleva siempre en triunfo en Cristo Jes\u00fas\u2026\u201d (2 Co. 2. 14).<\/p>\n<p>Pero la mayor\u00eda, lamentablemente, no ha alcanzado por nada esa meta preliminar y gloriosa en su vida. Esto tiene sus dos buenas razones:<\/p>\n<ol>\n<li>Uno simplemente no quiere dejar todo lo propio y morir con Cristo, y por eso cesa la posibilidad de alcanzar esa vida gloriosa en victoria.<\/li>\n<li>Uno no cree por nada que est\u00e1 crucificado con \u00e9l, ni tampoco podr\u00e1 llegar a creerlo en tanto que no quiera dejar todo lo propio. Dios no nos da fe para algo que nosotros no queremos.<\/li>\n<\/ol>\n<p>Si uno, realmente y en verdad, quiere ir tras las pisadas de Jes\u00fas, entonces tambi\u00e9n recibir\u00e1 fe para andar ese camino. \u00a1Alabado sea Dios!<\/p>\n<p>&nbsp;<\/p>\n<p>II: Habr\u00e1 un crecimiento en lo bueno en tanto que aumente la luz de vida, y el pecado inconsciente sea desvestido y despojado.<\/p>\n<p>Esto es lo mismo que un aumento de transformaci\u00f3n en nuestro interior, lo mismo que un crecimiento en el ser part\u00edcipe de la naturaleza divina.<\/p>\n<p>Aqu\u00ed no tenemos ninguna meta limitada, dicho de otra forma: tenemos posibilidades ilimitadas. La meta ser\u00e1 entonces:<\/p>\n<p>\u00a1El mayor grado posible de crecimiento y transformaci\u00f3n!<\/p>\n<p>Por lo mismo, todos los frutos del Esp\u00edritu y todas las virtudes de Cristo, al mayor alcance y a la mayor profundidad posible, nos ser\u00e1n siempre de vivo inter\u00e9s.<\/p>\n<p>\u201cCreemos, por lo cual tambi\u00e9n hablamos\u201d, dice Pablo. El que uno ni siquiera hable de esto, tiene una raz\u00f3n determinada: Uno no cree en ello.<\/p>\n<p>Hay que decir sobre el punto 1 y 2: aqu\u00ed no ayudan deseos ni sue\u00f1os, ni tampoco algunos intentos m\u00e1s o menos d\u00e9biles. \u00a1No, de nada te van a servir! Lo \u00fanico que vale y funciona es una fe viva en la obra de Dios y de Cristo, y en la Palabra que habla con toda claridad, determinaci\u00f3n y seguridad sobre esto, la cual casi no habla de otra cosa.&nbsp; \u00a1Lee, piensa y cree!<\/p>\n<p>Elias Aslaksen<\/p>\n<\/div>\n\t\t<\/div>\n\t\t\t\t\t<\/div>\n\n\t\n\n\t<div id=\"col-5491017\" class=\"col copyright small-12 large-12\"  >\n\t\t\t\t<div class=\"col-inner text-left\"  >\n\t\t\t\n\t\t\t\n<div>\u00a9 Copyright Stiftelsen Skjulte Skatters Forlag<\/div>\n\t\t<\/div>\n\t\t\t\t\t<\/div>\n\n\t\n\n\t<div id=\"col-869138658\" class=\"col small-12 large-12\"  >\n\t\t\t\t<div class=\"col-inner text-left\"  >\n\t\t\t\n\t\t\t\n<div><a href=\"#\" class=\"read-more\">Lee mas<\/a><\/div>\n\t\t<\/div>\n\t\t\t\t\t<\/div>\n\n\t\n\n\t<div id=\"col-949258842\" class=\"col small-12 large-12\"  >\n\t\t\t\t<div class=\"col-inner text-left\"  >\n\t\t\t\n\t\t\t\n<p class=\"next-previous-message\"><a class=\"previous\" href=\"\/es\/bible-studies\/theme-2\/taking-up-your-cross\/\"><i class=\"icon-angle-left\"><\/i> Previous<\/a><a class=\"next\" href=\"\/es\/bible-studies\/theme-2\/deny-oneself\/\">Next <i class=\"icon-angle-right\"><\/i><\/a><\/p>\n\t\t<\/div>\n\t\t\t\t\t<\/div>\n\n\t\n<\/div>\n\t\t<\/div>\n\n\t\t\n<style>\n#section_680086967 {\n  padding-top: 0px;\n  padding-bottom: 0px;\n  margin-bottom: 0px;\n}\n@media (min-width:550px) {\n  #section_680086967 {\n    padding-top: 0px;\n    padding-bottom: 0px;\n  }\n}\n<\/style>\n\t<\/section>\n\t\n\n\t<section class=\"section food-for-thought\" id=\"section_287504504\">\n\t\t<div class=\"section-bg fill\" >\n\t\t\t\t\t\t\t\t\t\n\t\t\t\n\n\t\t<\/div>\n\n\t\t\n\n\t\t<div class=\"section-content relative\">\n\t\t\t\n<div class=\"row align-center\"  id=\"row-1002337581\">\n\n\t<div id=\"col-826996463\" class=\"col title small-12 large-12\"  >\n\t\t\t\t<div class=\"col-inner text-left dark\"  >\n\t\t\t\n\t\t\t\n<h2>Devotional<\/h2>\n\t\t<\/div>\n\t\t\t\t\t<\/div>\n\n\t\n\n\t<div id=\"col-974007527\" class=\"col small-12 large-12\"  >\n\t\t\t\t<div class=\"col-inner dark\"  >\n\t\t\t\n\t\t\t\n<p>Anota todas las exhortaciones que Aslaksen escribe en &#8220;Las dos metas grandes en la vida del cristiano&#8221; \u00bfHay alguna de ellas que te habla de manera especial?<\/p>\n<p class='info'>You have to <a href='\/login\/'>log in<\/a> if you want to save your answer.<\/p>\n\t\t<\/div>\n\t\t\t\t\t<\/div>\n\n\t\n<\/div>\n\t\t<\/div>\n\n\t\t\n<style>\n#section_287504504 {\n  padding-top: 30px;\n  padding-bottom: 30px;\n  background-color: rgb(73, 92, 94);\n}\n<\/style>\n\t<\/section>\n\t\n","protected":false},"excerpt":{"rendered":"","protected":false},"author":5,"featured_media":0,"parent":10112,"menu_order":0,"comment_status":"closed","ping_status":"closed","template":"page-blank.php","meta":{"footnotes":""},"class_list":["post-11036","page","type-page","status-publish","hentry"],"aioseo_notices":[],"_links":{"self":[{"href":"https:\/\/words-of-faith.org\/es\/wp-json\/wp\/v2\/pages\/11036","targetHints":{"allow":["GET"]}}],"collection":[{"href":"https:\/\/words-of-faith.org\/es\/wp-json\/wp\/v2\/pages"}],"about":[{"href":"https:\/\/words-of-faith.org\/es\/wp-json\/wp\/v2\/types\/page"}],"author":[{"embeddable":true,"href":"https:\/\/words-of-faith.org\/es\/wp-json\/wp\/v2\/users\/5"}],"replies":[{"embeddable":true,"href":"https:\/\/words-of-faith.org\/es\/wp-json\/wp\/v2\/comments?post=11036"}],"version-history":[{"count":0,"href":"https:\/\/words-of-faith.org\/es\/wp-json\/wp\/v2\/pages\/11036\/revisions"}],"up":[{"embeddable":true,"href":"https:\/\/words-of-faith.org\/es\/wp-json\/wp\/v2\/pages\/10112"}],"wp:attachment":[{"href":"https:\/\/words-of-faith.org\/es\/wp-json\/wp\/v2\/media?parent=11036"}],"curies":[{"name":"wp","href":"https:\/\/api.w.org\/{rel}","templated":true}]}}