{"id":11039,"date":"2020-05-14T20:00:14","date_gmt":"2020-05-14T18:00:14","guid":{"rendered":"https:\/\/aslaksen.bcc.no\/?page_id=11039"},"modified":"2020-08-21T12:19:48","modified_gmt":"2020-08-21T10:19:48","slug":"a-kereszteny-elet-ket-nagy-celja","status":"publish","type":"page","link":"https:\/\/words-of-faith.org\/hu\/bible-study\/tema-2\/a-kereszteny-elet-ket-nagy-celja\/","title":{"rendered":"A kereszt\u00e9ny \u00e9let k\u00e9t nagy c\u00e9lja"},"content":{"rendered":"\n\t<section class=\"section\" id=\"section_403045006\">\n\t\t<div class=\"section-bg fill\" >\n\t\t\t\t\t\t\t\t\t\n\t\t\t\n\n\t\t<\/div>\n\n\t\t\n\n\t\t<div class=\"section-content relative\">\n\t\t\t\n<div class=\"row align-center\"  id=\"row-1942619020\">\n\n\t<div id=\"col-613798193\" class=\"col small-12 large-12\"  >\n\t\t\t\t<div class=\"col-inner\"  >\n\t\t\t\n\t\t\t\n<p class=\"breadcrumbs\"><a href=\"..\/\">Theme 2<\/a> \/ Messages<\/p>\n<h1>A kereszt\u00e9ny \u00e9let k\u00e9t nagy c\u00e9lja<\/h1>\n<p class=\"article-date\">Skjulte Skatter, publisert november 1957<\/p>\n<p class=\"article-author\">av Elias Aslaksen<\/p>\n\t\t<\/div>\n\t\t\t\t\t<\/div>\n\n\t\n\n<style>\n#row-1942619020 > .col > .col-inner {\n  padding: 30px 0px 0px 0px;\n}\n<\/style>\n<\/div>\n<div class=\"row align-center audio\"  id=\"row-1231887512\">\n\n\t<div id=\"col-1402470734\" class=\"col small-12 large-12\"  >\n\t\t\t\t<div class=\"col-inner\"  >\n\t\t\t\n\t\t\t\n<!--[if lt IE 9]><script>document.createElement('audio');<\/script><![endif]-->\n<audio class=\"wp-audio-shortcode\" id=\"audio-11039-1\" preload=\"none\" style=\"width: 100%;\" controls=\"controls\"><source type=\"audio\/mpeg\" src=\"\/audio\/Tema%202\/hu\/12_De%20to%20store%20maal_HU.mp3?_=1\" \/><a href=\"\/audio\/Tema%202\/hu\/12_De%20to%20store%20maal_HU.mp3\">\/audio\/Tema%202\/hu\/12_De%20to%20store%20maal_HU.mp3<\/a><\/audio>\n<p class=\"click-to-listen\">Click to listen to the speech.<\/p>\n\t\t<\/div>\n\t\t\t\t\t<\/div>\n\n\t\n<\/div>\n<div class=\"row align-center article article-excerpt\"  id=\"row-832735051\">\n\n\t<div id=\"col-772763241\" class=\"col small-12 large-12\"  >\n\t\t\t\t<div class=\"col-inner text-left\"  >\n\t\t\t\n\t\t\t\n<div id=\"chapter-element-2\" data-v-7f3df67e=\"\">\n<p><strong>I.<\/strong><\/p>\n<p><strong>Mindig gy\u0151zni minden tudatos b\u0171n felett.<\/strong><\/p>\n<p>Mivel Krisztus meghalt a mi b\u0171neink\u00e9rt, ez b\u0171nbocs\u00e1natot ad nek\u00fcnk, <strong>ha hisz\u00fcnk benne<\/strong>, \u00e9s ha mi is megbocs\u00e1tunk sz\u00edvb\u0151l minden ad\u00f3sunknak.<\/p>\n<p>A tudatos b\u0171n\u00f6k felett is <strong>hit \u00e1ltal<\/strong>gy\u0151z\u00fcnk, nevezetesen az abban val\u00f3 hit \u00e1ltal, hogy a mi \u00f3 ember\u00fcnk megfesz\u00edttetett Krisztussal egy\u00fctt. R\u00f3m.6,6. vagy ahogyan Gal.2,20-ban kifejezi:<\/p>\n<p><strong><em>\u201eKrisztussal egy\u00fctt megfesz\u00edttettem\u2026\u201d<\/em><\/strong><\/p>\n<p>Ebben a hitben \u00e9s e hit \u00e1ltal<strong>meghalunk<\/strong>a b\u0171nnek, minden tudatos b\u0171nnek, \u00fagy, hogy \u2013 ahelyett, hogy v\u00e9tkezn\u00e9nk \u2013 gy\u0151ztesen meg\u00e1llunk minden k\u00eds\u00e9rt\u00e9sben.<\/p>\n<p>Milyen dics\u0151s\u00e9ges, hogy \u00edgy mindig j\u00f3 lelkiismerettel \u00e9lhet\u00fcnk Isten \u00e9s emberek el\u0151tt! \u2013 \u2013 \u2013<\/p>\n<p>P\u00e1l azt \u00edrja: <em>\u201eH\u00e1la pedig az Istennek, aki <strong>mindenkor diadalra<\/strong>vezet minket a Krisztusban\u2026\u201d<\/em>2.Kor.2,14.<\/p>\n<p>De sajnos a legt\u00f6bben abszol\u00fat nem \u00e9rt\u00e9k el ezt az el\u0151zetes, dics\u0151 c\u00e9lt \u00e9let\u00fckben. \u00c9s ennek <strong>k\u00e9t konkr\u00e9t oka<\/strong>van:<\/p>\n<p>I.Egyszer\u0171en nem akarj\u00e1k feladni a saj\u00e1tjukat \u00e9s meghalni Krisztussal, \u00e9s ez\u00e1ltal es\u00e9ly\u00fck sincs eljutni erre a dics\u0151s\u00e9ges gy\u0151zelmi \u00e9letre.<\/p>\n<p>II.Egy\u00e1ltal\u00e1n nem hiszik, hogy megfesz\u00edttettek \u0150vele, \u00e9s nem is juthatnak hitre eg\u00e9szen addig, am\u00edg nem adt\u00e1k fel saj\u00e1tjukat. Isten nem ad nek\u00fcnk hitet arra, amiben mi nem akarunk r\u00e9szt venni. Ha val\u00f3ban J\u00e9zus l\u00e1bnyom\u00e1ban akarunk j\u00e1rni, akkor hitet is kapunk ahhoz, hogy azon j\u00e1rjunk. Dics\u0151s\u00e9g Istennek!<\/p>\n<p>&nbsp;<\/p>\n<p><strong>II.<\/strong><\/p>\n<p><strong>Az \u00e9let vil\u00e1goss\u00e1g\u00e1nak n\u00f6veked\u00e9s\u00e9vel, a nem tudatos b\u0171n\u00f6k felfed\u00e9s\u00e9vel \u00e9s levet\u00e9s\u00e9vel: n\u00f6veked\u00e9s a j\u00f3ban.<\/strong><\/p>\n<p>Ez pedig ugyanaz, mint n\u00f6vekv\u0151 \u00e1tform\u00e1l\u00f3d\u00e1s bens\u0151nkben, \u00e9s ugyanaz, mint n\u00f6veked\u00e9s az isteni term\u00e9szetben.<\/p>\n<p>Ebben nincsen sz\u00e1munkra lekorl\u00e1tozva a c\u00e9l, hanem \u00fagysz\u00f3lv\u00e1n korl\u00e1tlan lehet\u0151s\u00e9gek. A c\u00e9l teh\u00e1t:<\/p>\n<p><strong>A lehet\u0151 legnagyobb n\u00f6veked\u00e9s \u00e9s \u00e1tform\u00e1ltat\u00e1s!<\/strong><\/p>\n<p>Ezokb\u00f3l <strong>a Szellem minden gy\u00fcm\u00f6lcse<\/strong>\u00e9s <strong>Krisztus minden er\u00e9nye<\/strong>, amelyben mindenkor \u00e9l\u0151 \u00e9rdekl\u0151d\u00e9s\u00fcnk van, a lehet\u0151 legnagyobb m\u00e9rt\u00e9kben \u00e9s m\u00e9lys\u00e9gben j\u00f6n el\u0151.<\/p>\n<p>\u201eHisz\u00fcnk mi is, \u00e9s az\u00e9rt sz\u00f3lunk\u201d, mondja P\u00e1l. Arr\u00f3l besz\u00e9l\u00fcnk, amit hisz\u00fcnk. Ha egy\u00e1ltal\u00e1n nem besz\u00e9l\u00fcnk err\u0151l, annak konkr\u00e9t oka van: nem hisz\u00fcnk benne. \u2013<\/p>\n<p>Mind az I. \u00e9s a II. vonatkoz\u00e1s\u00e1ban azt kell mondani: itt nem seg\u00edtenek a v\u00e1gyak \u00e9s az \u00e1lmok, sem t\u00f6bb\u00e9-kev\u00e9sb\u00e9 gyenge k\u00eds\u00e9rletek. Nem \u2013 egy\u00e1ltal\u00e1n nem haszn\u00e1lnak! Az egyetlen, ami megfelel\u0151, ami haszn\u00e1l, az \u00e9l\u0151 hit Isten \u00e9s Krisztus munk\u00e1j\u00e1ban, \u00e9s az Ig\u00e9ben, amely nagyon vil\u00e1gosan, hat\u00e1rozottan \u00e9s egy\u00e9rtelm\u0171en besz\u00e9l err\u0151l, igen, szinte nem is besz\u00e9l m\u00e1sr\u00f3l. \u2013 Olvass, gondolkodj \u00e9s higgy!<\/p>\n<p>Elias Aslaksen<\/p>\n<\/div>\n\t\t<\/div>\n\t\t\t\t\t<\/div>\n\n\t\n\n\t<div id=\"col-1777296473\" class=\"col copyright small-12 large-12\"  >\n\t\t\t\t<div class=\"col-inner text-left\"  >\n\t\t\t\n\t\t\t\n<div>\u00a9 Copyright Stiftelsen Skjulte Skatters Forlag<\/div>\n\t\t<\/div>\n\t\t\t\t\t<\/div>\n\n\t\n\n\t<div id=\"col-1272027444\" class=\"col small-12 large-12\"  >\n\t\t\t\t<div class=\"col-inner text-left\"  >\n\t\t\t\n\t\t\t\n<div><a href=\"#\" class=\"read-more\">Read more<\/a><\/div>\n\t\t<\/div>\n\t\t\t\t\t<\/div>\n\n\t\n\n\t<div id=\"col-2021796113\" class=\"col small-12 large-12\"  >\n\t\t\t\t<div class=\"col-inner text-left\"  >\n\t\t\t\n\t\t\t\n<p class=\"next-previous-message\"><a class=\"previous\" href=\"\/hu\/bible-studies\/theme-2\/taking-up-your-cross\/\"><i class=\"icon-angle-left\"><\/i> Previous<\/a><a class=\"next\" href=\"\/hu\/bible-studies\/theme-2\/deny-oneself\/\">Next <i class=\"icon-angle-right\"><\/i><\/a><\/p>\n\t\t<\/div>\n\t\t\t\t\t<\/div>\n\n\t\n<\/div>\n\t\t<\/div>\n\n\t\t\n<style>\n#section_403045006 {\n  padding-top: 0px;\n  padding-bottom: 0px;\n  margin-bottom: 0px;\n}\n@media (min-width:550px) {\n  #section_403045006 {\n    padding-top: 0px;\n    padding-bottom: 0px;\n  }\n}\n<\/style>\n\t<\/section>\n\t\n\n\t<section class=\"section food-for-thought\" id=\"section_1260960815\">\n\t\t<div class=\"section-bg fill\" >\n\t\t\t\t\t\t\t\t\t\n\t\t\t\n\n\t\t<\/div>\n\n\t\t\n\n\t\t<div class=\"section-content relative\">\n\t\t\t\n<div class=\"row align-center\"  id=\"row-2063873916\">\n\n\t<div id=\"col-380895860\" class=\"col title small-12 large-12\"  >\n\t\t\t\t<div class=\"col-inner text-left dark\"  >\n\t\t\t\n\t\t\t\n<h2>Devotional<\/h2>\n\t\t<\/div>\n\t\t\t\t\t<\/div>\n\n\t\n\n\t<div id=\"col-1693936483\" class=\"col small-12 large-12\"  >\n\t\t\t\t<div class=\"col-inner dark\"  >\n\t\t\t\n\t\t\t\n<p>\u00cdrd fel az \u00f6sszes int\u00e9st, amit Aslaksen &#8220;A kereszt\u00e9ny \u00e9let k\u00e9t f\u0151 c\u00e9lja&#8221; c\u00edm\u0171 cikkben \u00edr. Van k\u00f6zt\u00fck egy, amely k\u00fcl\u00f6n\u00f6sen sz\u00f3l hozz\u00e1d?<\/p>\n<p class='info'>You have to <a href='\/login\/'>log in<\/a> if you want to save your answer.<\/p>\n\t\t<\/div>\n\t\t\t\t\t<\/div>\n\n\t\n<\/div>\n\t\t<\/div>\n\n\t\t\n<style>\n#section_1260960815 {\n  padding-top: 30px;\n  padding-bottom: 30px;\n  background-color: rgb(73, 92, 94);\n}\n<\/style>\n\t<\/section>\n\t\n","protected":false},"excerpt":{"rendered":"","protected":false},"author":5,"featured_media":0,"parent":10115,"menu_order":0,"comment_status":"closed","ping_status":"closed","template":"page-blank.php","meta":{"footnotes":""},"class_list":["post-11039","page","type-page","status-publish","hentry"],"aioseo_notices":[],"_links":{"self":[{"href":"https:\/\/words-of-faith.org\/hu\/wp-json\/wp\/v2\/pages\/11039","targetHints":{"allow":["GET"]}}],"collection":[{"href":"https:\/\/words-of-faith.org\/hu\/wp-json\/wp\/v2\/pages"}],"about":[{"href":"https:\/\/words-of-faith.org\/hu\/wp-json\/wp\/v2\/types\/page"}],"author":[{"embeddable":true,"href":"https:\/\/words-of-faith.org\/hu\/wp-json\/wp\/v2\/users\/5"}],"replies":[{"embeddable":true,"href":"https:\/\/words-of-faith.org\/hu\/wp-json\/wp\/v2\/comments?post=11039"}],"version-history":[{"count":0,"href":"https:\/\/words-of-faith.org\/hu\/wp-json\/wp\/v2\/pages\/11039\/revisions"}],"up":[{"embeddable":true,"href":"https:\/\/words-of-faith.org\/hu\/wp-json\/wp\/v2\/pages\/10115"}],"wp:attachment":[{"href":"https:\/\/words-of-faith.org\/hu\/wp-json\/wp\/v2\/media?parent=11039"}],"curies":[{"name":"wp","href":"https:\/\/api.w.org\/{rel}","templated":true}]}}