{"id":11023,"date":"2020-05-14T20:00:55","date_gmt":"2020-05-14T18:00:55","guid":{"rendered":"https:\/\/aslaksen.bcc.no\/?page_id=11023"},"modified":"2020-08-21T12:16:37","modified_gmt":"2020-08-21T10:16:37","slug":"brac-na-siebie-swoj-krzyz","status":"publish","type":"page","link":"https:\/\/words-of-faith.org\/pl\/bible-study\/temat-2\/brac-na-siebie-swoj-krzyz\/","title":{"rendered":"Bra\u0107 na siebie sw\u00f3j krzy\u017c"},"content":{"rendered":"\n\t<section class=\"section\" id=\"section_1638192632\">\n\t\t<div class=\"section-bg fill\" >\n\t\t\t\t\t\t\t\t\t\n\t\t\t\n\n\t\t<\/div>\n\n\t\t\n\n\t\t<div class=\"section-content relative\">\n\t\t\t\n<div class=\"row align-center\"  id=\"row-1275910613\">\n\n\t<div id=\"col-520636032\" class=\"col small-12 large-12\"  >\n\t\t\t\t<div class=\"col-inner\"  >\n\t\t\t\n\t\t\t\n<p class=\"breadcrumbs\"><a href=\"..\/\">Theme 2<\/a> \/ Messages<\/p>\n<h1>Bra\u0107 na siebie sw\u00f3j krzy\u017c<\/h1>\n<p class=\"article-date\">Ukryte Skarby, opublikowano: luty\u00a01970<\/p>\n<p class=\"article-author\">Elias Aslaksen<\/p>\n\t\t<\/div>\n\t\t\t\t\t<\/div>\n\n\t\n\n<style>\n#row-1275910613 > .col > .col-inner {\n  padding: 30px 0px 0px 0px;\n}\n<\/style>\n<\/div>\n<div class=\"row align-center audio\"  id=\"row-850219835\">\n\n\t<div id=\"col-1820601734\" class=\"col small-12 large-12\"  >\n\t\t\t\t<div class=\"col-inner\"  >\n\t\t\t\n\t\t\t\n<!--[if lt IE 9]><script>document.createElement('audio');<\/script><![endif]-->\n<audio class=\"wp-audio-shortcode\" id=\"audio-11023-1\" preload=\"none\" style=\"width: 100%;\" controls=\"controls\"><source type=\"audio\/mpeg\" src=\"\/audio\/Tema%202\/pl\/11%20Bra%C4%87%20na%20siebie%20sw%C3%B3j%20krzy%C5%BC.mp3?_=1\" \/><a href=\"\/audio\/Tema%202\/pl\/11%20Bra%C4%87%20na%20siebie%20sw%C3%B3j%20krzy%C5%BC.mp3\">\/audio\/Tema%202\/pl\/11%20Bra%C4%87%20na%20siebie%20sw%C3%B3j%20krzy%C5%BC.mp3<\/a><\/audio>\n<p class=\"click-to-listen\">Click to listen to the speech.<\/p>\n\t\t<\/div>\n\t\t\t\t\t<\/div>\n\n\t\n<\/div>\n<div class=\"row align-center article article-excerpt\"  id=\"row-1785671293\">\n\n\t<div id=\"col-146911819\" class=\"col small-12 large-12\"  >\n\t\t\t\t<div class=\"col-inner text-left\"  >\n\t\t\t\n\t\t\t\n<div id=\"chapter-element-2\" data-v-7f3df67e=\"\">\n<p>i nosi\u0107 sw\u00f3j krzy\u017c, czyli pom\u00f3c swojemu ukrzy\u017cowaniu. M\u00f3j krzy\u017c to wszystko i wszyscy, kt\u00f3rzy uniemo\u017cliwiaj\u0105 mi przeprowadzenie mojej woli, mojej ludzkiej woli, woli cia\u0142a.<\/p>\n<p>Je\u017celi nie bior\u0119 na siebie swojego krzy\u017ca, wtedy nie jestem warty Chrystusa! I tak jest z wieloma wierz\u0105cymi. Tak, oni&nbsp; post\u0119puj\u0105, m\u00f3wi Pawe\u0142, jak wrogowie krzy\u017ca Chrystusowego, tzn. tego krzy\u017ca, kt\u00f3ry mieli wzi\u0105\u0107 na siebie i do kt\u00f3rego ich w\u0142asna wola mia\u0142a by\u0107 przybita.<\/p>\n<p>W Gal&nbsp;5,&nbsp;24 znajdujemy t\u0119 \u015bmiertelnie powa\u017cn\u0105 prawd\u0119: \u201eA ci, kt\u00f3rzy nale\u017c\u0105 do Chrystusa Jezusa, ukrzy\u017cowali cia\u0142o swoje wraz z nami\u0119tno\u015bciami i \u017c\u0105dzami\u201d. Ci, kt\u00f3rzy tego nie zrobili i kontynuuj\u0105 w ten sam spos\u00f3b, zatem do niego nie nale\u017c\u0105! Nie s\u0105 Jego uczniami!<\/p>\n<p>Najwspanialsze ze wszystkiego by\u0142o to, \u017ce Jezus dobrowolnie pozwoli\u0142 si\u0119 ukrzy\u017cowa\u0107, a nawet w tym pom\u00f3g\u0142! Drug\u0105 najwspanialsz\u0105 rzecz\u0105 jest, kiedy cz\u0142owiek dobrowolnie pozwoli si\u0119 ukrzy\u017cowa\u0107 z Nim, przez wiar\u0119 i pos\u0142usze\u0144stwo wiary, i codziennie post\u0119puje jak prawdziwy przyjaciel krzy\u017ca, do kt\u00f3rego jego w\u0142asna wola ma by\u0107 przybita.<\/p>\n<p>To dla tego wspania\u0142ego aposto\u0142a Paw\u0142a by\u0142o jedynym, z czego chcia\u0142by si\u0119 chlubi\u0107 i najwi\u0119kszym, o czym wiedzia\u0142! Jego \u017cycie i nauka wyra\u017anie to pokazuj\u0105!<\/p>\n<p>On nie tylko by\u0142 zachwycony t\u0105 doskona\u0142\u0105 teori\u0105! Nie, on \u017cy\u0142 w zupe\u0142nej z tym zgodzie i napomina\u0142, \u017ceby go na\u015bladowa\u0107! My te\u017c wykonajmy to ca\u0142kowicie, moi umi\u0142owani przyjaciele!<\/p>\n<p>S\u0142uchaj, co on m\u00f3wi: \u201eZ Chrystusem jestem ukrzy\u017cowany; \u017cyj\u0119 wi\u0119c ju\u017c nie ja \u2026\u201d Gal&nbsp;2,&nbsp;20. A tak\u017ce: \u201eCo za\u015b do mnie, niech mnie B\u00f3g uchowa, abym mia\u0142 si\u0119 chlubi\u0107 z czego innego, jak tylko z krzy\u017ca Pana naszego Jezusa Chrystusa, przez kt\u00f3rego dla mnie \u015bwiat jest ukrzy\u017cowany, a ja dla \u015bwiata\u201d. Gal&nbsp;6,&nbsp;14.<\/p>\n<p>To by\u0142o dla niego najwi\u0119kszym ze wszystkiego, najwspanialszym ze wszystkiego i maj\u0105cym najwi\u0119ksze dzia\u0142anie \u2013 tajemnic\u0105 do najwi\u0119kszego szcz\u0119\u015bcia, jakie cz\u0142owiek mo\u017ce osi\u0105gn\u0105\u0107, b\u0119d\u0105c tutaj na obczy\u017anie!<\/p>\n<p>\u201eNie moja, lecz twoja wola niech si\u0119 stanie\u201d! To jest i b\u0119dzie przez wszystkie dni naszego \u017cycia g\u0142\u00f3wn\u0105 spraw\u0105, samym sednem! W\u0142a\u015bciwie nie ma w og\u00f3le \u017cadnej innej sprawy! \u0141uk&nbsp;11,&nbsp;3: \u201eB\u0105d\u017a wola twoja, jak w niebie tak i na ziemi\u201d! Wtedy idzie to dok\u0142adnie i b\u0142yskawicznie!<\/p>\n<p>I wtedy m\u00f3wi si\u0119, \u017ce musimy doj\u015b\u0107 do tego: b\u0142yskawicznie porzuci\u0107 i ukrzy\u017cowa\u0107 swoj\u0105 w\u0142asn\u0105 wol\u0119, w innym razie Bo\u017ca wola nie mo\u017ce dzia\u0107 si\u0119 na ziemi, tak jak si\u0119 dzieje w niebie! \u2014<\/p>\n<p>Kt\u00f3\u017c jednak ma tak wysoki cel i tak\u0105 wiar\u0119??? \u2014<\/p>\n<p>Je\u017celi nie mieli\u015bmy go, to obud\u017amy si\u0119 na powag\u0119 teraz, \u017ceby otrzyma\u0107 taki cel i \u017cyw\u0105 wiar\u0119, \u017ceby przez niesamowicie pot\u0119\u017cn\u0105 Bo\u017c\u0105 pomoc to osi\u0105gn\u0105\u0107! Tak si\u0119 stanie!<\/p>\n<p>Wasz g\u0142\u0119boko zasmucony nad wszelkim duchowym snem brat,<\/p>\n<p>Elias Aslaksen<\/p>\n<\/div>\n\t\t<\/div>\n\t\t\t\t\t<\/div>\n\n\t\n\n\t<div id=\"col-290461876\" class=\"col copyright small-12 large-12\"  >\n\t\t\t\t<div class=\"col-inner text-left\"  >\n\t\t\t\n\t\t\t\n<div>\u00a9 Copyright Stiftelsen Skjulte Skatters Forlag<\/div>\n\t\t<\/div>\n\t\t\t\t\t<\/div>\n\n\t\n\n\t<div id=\"col-1947494964\" class=\"col small-12 large-12\"  >\n\t\t\t\t<div class=\"col-inner text-left\"  >\n\t\t\t\n\t\t\t\n<div><a href=\"#\" class=\"read-more\">Przeczytaj wi\u0119cej<\/a><\/div>\n\t\t<\/div>\n\t\t\t\t\t<\/div>\n\n\t\n\n\t<div id=\"col-1848727255\" class=\"col small-12 large-12\"  >\n\t\t\t\t<div class=\"col-inner text-left\"  >\n\t\t\t\n\t\t\t\n<p class=\"next-previous-message\"><a class=\"previous\" href=\"\/pl\/bible-studies\/theme-2\/give-up-everything\/\"><i class=\"icon-angle-left\"><\/i> Previous<\/a><a class=\"next\" href=\"\/pl\/bible-studies\/theme-2\/the-two-great-goals-in-a-christians-life\/\">Next <i class=\"icon-angle-right\"><\/i><\/a><\/p>\n\t\t<\/div>\n\t\t\t\t\t<\/div>\n\n\t\n<\/div>\n\t\t<\/div>\n\n\t\t\n<style>\n#section_1638192632 {\n  padding-top: 0px;\n  padding-bottom: 0px;\n  margin-bottom: 0px;\n}\n@media (min-width:550px) {\n  #section_1638192632 {\n    padding-top: 0px;\n    padding-bottom: 0px;\n  }\n}\n<\/style>\n\t<\/section>\n\t\n\n\t<section class=\"section food-for-thought\" id=\"section_2060013380\">\n\t\t<div class=\"section-bg fill\" >\n\t\t\t\t\t\t\t\t\t\n\t\t\t\n\n\t\t<\/div>\n\n\t\t\n\n\t\t<div class=\"section-content relative\">\n\t\t\t\n<div class=\"row align-center\"  id=\"row-1206638359\">\n\n\t<div id=\"col-370071950\" class=\"col title small-12 large-12\"  >\n\t\t\t\t<div class=\"col-inner text-left dark\"  >\n\t\t\t\n\t\t\t\n<h2>Devotional<\/h2>\n\t\t<\/div>\n\t\t\t\t\t<\/div>\n\n\t\n\n\t<div id=\"col-1358004465\" class=\"col small-12 large-12\"  >\n\t\t\t\t<div class=\"col-inner dark\"  >\n\t\t\t\n\t\t\t\n<p>Gdyby\u015b m\u00f3g\u0142 zada\u0107 Aslaksenowi jedno pytanie po przeczytaniu artyku\u0142u &#8220;Bra\u0107 na siebie sw\u00f3j krzy\u017c&#8221;, to jakie pytanie by\u015b zada\u0142?<\/p>\n<p class='info'>You have to <a href='\/login\/'>log in<\/a> if you want to save your answer.<\/p>\n\t\t<\/div>\n\t\t\t\t\t<\/div>\n\n\t\n<\/div>\n\t\t<\/div>\n\n\t\t\n<style>\n#section_2060013380 {\n  padding-top: 30px;\n  padding-bottom: 30px;\n  background-color: rgb(73, 92, 94);\n}\n<\/style>\n\t<\/section>\n\t\n","protected":false},"excerpt":{"rendered":"","protected":false},"author":5,"featured_media":0,"parent":10118,"menu_order":0,"comment_status":"closed","ping_status":"closed","template":"page-blank.php","meta":{"footnotes":""},"class_list":["post-11023","page","type-page","status-publish","hentry"],"aioseo_notices":[],"_links":{"self":[{"href":"https:\/\/words-of-faith.org\/pl\/wp-json\/wp\/v2\/pages\/11023","targetHints":{"allow":["GET"]}}],"collection":[{"href":"https:\/\/words-of-faith.org\/pl\/wp-json\/wp\/v2\/pages"}],"about":[{"href":"https:\/\/words-of-faith.org\/pl\/wp-json\/wp\/v2\/types\/page"}],"author":[{"embeddable":true,"href":"https:\/\/words-of-faith.org\/pl\/wp-json\/wp\/v2\/users\/5"}],"replies":[{"embeddable":true,"href":"https:\/\/words-of-faith.org\/pl\/wp-json\/wp\/v2\/comments?post=11023"}],"version-history":[{"count":0,"href":"https:\/\/words-of-faith.org\/pl\/wp-json\/wp\/v2\/pages\/11023\/revisions"}],"up":[{"embeddable":true,"href":"https:\/\/words-of-faith.org\/pl\/wp-json\/wp\/v2\/pages\/10118"}],"wp:attachment":[{"href":"https:\/\/words-of-faith.org\/pl\/wp-json\/wp\/v2\/media?parent=11023"}],"curies":[{"name":"wp","href":"https:\/\/api.w.org\/{rel}","templated":true}]}}