{"id":10763,"date":"2020-05-14T20:00:25","date_gmt":"2020-05-14T18:00:25","guid":{"rendered":"https:\/\/aslaksen.bcc.no\/?page_id=10763"},"modified":"2020-08-21T12:05:08","modified_gmt":"2020-08-21T10:05:08","slug":"a-se-lepada-de-sine-insusi","status":"publish","type":"page","link":"https:\/\/words-of-faith.org\/ro\/studiu-biblic\/tema-2\/a-se-lepada-de-sine-insusi\/","title":{"rendered":"A se lep\u0103da de sine \u00eensu\u0219i"},"content":{"rendered":"\n\t<section class=\"section\" id=\"section_1690312280\">\n\t\t<div class=\"section-bg fill\" >\n\t\t\t\t\t\t\t\t\t\n\t\t\t\n\n\t\t<\/div>\n\n\t\t\n\n\t\t<div class=\"section-content relative\">\n\t\t\t\n<div class=\"row align-center\"  id=\"row-1507878202\">\n\n\t<div id=\"col-281743793\" class=\"col small-12 large-12\"  >\n\t\t\t\t<div class=\"col-inner\"  >\n\t\t\t\n\t\t\t\n<p class=\"breadcrumbs\"><a href=\"..\/\">Theme 2<\/a> \/ Messages<\/p>\n<h1>A se lep\u0103da de sine \u00eensu\u0219i<\/h1>\n<p class=\"article-date\">Extras dintr-o vorbire din ianuarie 1973<\/p>\n<p class=\"article-author\">de Elias Aslaksen<\/p>\n\t\t<\/div>\n\t\t\t\t\t<\/div>\n\n\t\n\n<style>\n#row-1507878202 > .col > .col-inner {\n  padding: 30px 0px 0px 0px;\n}\n<\/style>\n<\/div>\n<div class=\"row align-center audio\"  id=\"row-2037448520\">\n\n\t<div id=\"col-1256345933\" class=\"col small-12 large-12\"  >\n\t\t\t\t<div class=\"col-inner\"  >\n\t\t\t\n\t\t\t\n<!--[if lt IE 9]><script>document.createElement('audio');<\/script><![endif]-->\n<audio class=\"wp-audio-shortcode\" id=\"audio-10763-1\" preload=\"none\" style=\"width: 100%;\" controls=\"controls\"><source type=\"audio\/mpeg\" src=\"\/audio\/Tema%202\/rom\/7T-%20Fornekte%20seg%20selv%202%20ROM.mp3?_=1\" \/><a href=\"\/audio\/Tema%202\/rom\/7T-%20Fornekte%20seg%20selv%202%20ROM.mp3\">\/audio\/Tema%202\/rom\/7T-%20Fornekte%20seg%20selv%202%20ROM.mp3<\/a><\/audio>\n<p class=\"click-to-listen\">Click to listen to the speech.<\/p>\n\t\t<\/div>\n\t\t\t\t\t<\/div>\n\n\t\n<\/div>\n<div class=\"row align-center article article-excerpt\"  id=\"row-1075737426\">\n\n\t<div id=\"col-682080982\" class=\"col small-12 large-12\"  >\n\t\t\t\t<div class=\"col-inner text-left\"  >\n\t\t\t\n\t\t\t\n<p>De obicei la \u00eenceput, dar \u0219i la sf\u00e2r\u0219it, cei mai mul\u021bi simt a\u0219a c\u0103 au multe greut\u0103\u021bi \u0219i multe piedici: el este a\u0219a \u0219i el este a\u0219a \u0219i el a f\u0103cut asta iar el a spus asta, \u0219i sunt a\u0219a multe greut\u0103\u021bi. \u00cens\u0103 nu este adev\u0103rat, nu este corect, este groaznic de gre\u0219it.<\/p>\n<p>\u0218i asta scrie \u00een cuv\u00e2ntul acesta, dar nu putem vedea din cauz\u0103 ca suntem a\u0219a de superficiali. Nu scrie c\u0103 dac\u0103 cineva vrea s\u0103 M\u0103 urmeze \u0219i s\u0103 se descurce cu toate greut\u0103\u021bile \u0219i necazurile! Ci s\u0103 se lepede de sine scrie \u2013 acesta este un bob (de gr\u00e2u) minunat.<\/p>\n<p>Exista o singur\u0103 greutate sub soare; doar o singur\u0103 piedic\u0103 sub soare; o singur\u0103 problem\u0103 \u0219i un singur complex, \u0219i acesta suntem noi \u00een\u0219ine.<\/p>\n<p>Mai scurt, mai u\u0219or \u0219i mai simplu nu poate fi f\u0103cut.<\/p>\n<p>De aici provine \u0219i acest\u0103 propozi\u021bie: c\u0103 cel ce s-a biruit pe sine, a birui tot ce exist\u0103. Totul const\u0103 \u00een asta.<\/p>\n<p>Cei mai r\u0103i se pl\u00e2ng de greut\u0103\u021bile lor de tot felul \u0219i predic\u0103 despre bolile lor de diminea\u021b\u0103 p\u00e2n\u0103 seara \u0219i despre al\u021bi oameni: el este a\u0219a dificil \u0219i el este a\u0219a dificil \u0219i el a f\u0103cut asta \u0219i el este a\u0219a \u0219i el este a\u0219a \u0219i dac\u0103 asta nu ar fi venit ar fi fost atunci mai bine cu mine, \u00eens\u0103 toate sunt doar minciuni pure!<\/p>\n<p>Dac\u0103 m\u0103 lep\u0103d atunci c\u00e2nd lucrurile nu merg dup\u0103 cum doresc eu, atunci sunt pe calea vie\u021bii, pe calea cea \u00eengust\u0103 \u2013 am trecut prin poarta cea str\u00e2mt\u0103 \u0219i am ajuns pe calea cea \u00eengusta \u0219i acolo am exact locul suficient de care am nevoie, pe aceast\u0103 cale foarte \u00eengust\u0103!<\/p>\n<p>\u0218i acolo este a\u0219a avantajos, este a\u0219a pl\u0103cut. Acolo am sc\u0103pat de tot bagajul cu grijile \u0219i lucrurile pe care le de\u021bin \u0219i pe care vreau s\u0103 le p\u0103strez. Nu se g\u0103sesc probleme acolo, nu se g\u0103sesc complexe, nici o greutate \u0219i nici un fel de iluzie \u00een\u0219el\u0103toare.<\/p>\n<p>\u0218i g\u00e2nde\u0219te, tocmai ceea ce nu ai lep\u0103dat produce acest r\u0103u. De exemplu, to\u021bi banii de care nu ai nevoie: doar probleme \u0219i greut\u0103\u021bi de fiecare dat\u0103 c\u00e2nd trebuie sa dai la colecta, sau oric\u00e2nd apare ceva, sunt greut\u0103\u021bi. Pe deasupra este \u0219i cinstea pe care trebuie sa o p\u0103strezi.<\/p>\n<p>Practic to\u021bi credincio\u0219ii \u0219i majoritatea fra\u021bilor \u0219i surorilor sunt interesa\u021bi despre ce g\u00e2ndesc ceilal\u021bi despre ei. \u0218i de aceea, de multe ori, nici nu pot sa dea m\u0103rturie pentru ca se \u00eentreab\u0103 ce g\u00e2ndesc ceilal\u021bi. \u0218i de aceea nici nu se pot poc\u0103i pentru c\u0103 se \u00eentreab\u0103 ce vor g\u00e2ndi prietenii \u0219i neamurile lor.<\/p>\n<p>Fiecare dintre noi, ca oameni, suntem nebuni, iar aceasta este toat\u0103 greutatea, \u00een ad\u00e2ncime, lungime \u0219i l\u0103\u021bime, f\u0103r\u0103 s\u0103 omitem nimic. Asta-i singura greutate de sub soare.<\/p>\n<p>Acest \u201eeu \u00eensumi\u201d const\u0103 din voia mea, pl\u0103cerea mea, gustul meu \u0219i tot ceea ce eu cred \u0219i sus\u021bin.<\/p>\n<p>Dac\u0103 lep\u0103d toate acestea \u0219i urmez Cuv\u00e2ntul lui Dumnezeu din toat\u0103 inima, atunci trec prin poarta cea str\u00e2mt\u0103 \u0219i ajung pe calea \u00eengust\u0103, iar acolo este at\u00e2t de pl\u0103cut \u0219i m\u0103 pot bucura din plin.<\/p>\n\t\t<\/div>\n\t\t\t\t\t<\/div>\n\n\t\n\n\t<div id=\"col-1670745360\" class=\"col copyright small-12 large-12\"  >\n\t\t\t\t<div class=\"col-inner text-left\"  >\n\t\t\t\n\t\t\t\n<div>\u00a9 Copyright Stiftelsen Skjulte Skatters Forlag<\/div>\n\t\t<\/div>\n\t\t\t\t\t<\/div>\n\n\t\n\n\t<div id=\"col-877437126\" class=\"col small-12 large-12\"  >\n\t\t\t\t<div class=\"col-inner text-left\"  >\n\t\t\t\n\t\t\t\n<div><a href=\"#\" class=\"read-more\">Cite\u0219te mai departe<\/a><\/div>\n\t\t<\/div>\n\t\t\t\t\t<\/div>\n\n\t\n\n\t<div id=\"col-1899060431\" class=\"col small-12 large-12\"  >\n\t\t\t\t<div class=\"col-inner text-left\"  >\n\t\t\t\n\t\t\t\n<p class=\"next-previous-message\"><a class=\"previous\" href=\"\/ro\/bible-studies\/theme-2\/the-two-great-goals-in-a-christians-life\/\"><i class=\"icon-angle-left\"><\/i> Previous<\/a><a class=\"next\" href=\"\/ro\/bible-studies\/theme-2\/i-have-been-crucified-with-christ\/\">Next <i class=\"icon-angle-right\"><\/i><\/a><\/p>\n\t\t<\/div>\n\t\t\t\t\t<\/div>\n\n\t\n<\/div>\n\t\t<\/div>\n\n\t\t\n<style>\n#section_1690312280 {\n  padding-top: 0px;\n  padding-bottom: 0px;\n  margin-bottom: 0px;\n}\n@media (min-width:550px) {\n  #section_1690312280 {\n    padding-top: 0px;\n    padding-bottom: 0px;\n  }\n}\n<\/style>\n\t<\/section>\n\t\n\n\t<section class=\"section food-for-thought\" id=\"section_502053513\">\n\t\t<div class=\"section-bg fill\" >\n\t\t\t\t\t\t\t\t\t\n\t\t\t\n\n\t\t<\/div>\n\n\t\t\n\n\t\t<div class=\"section-content relative\">\n\t\t\t\n<div class=\"row align-center\"  id=\"row-1816609598\">\n\n\t<div id=\"col-950472475\" class=\"col title small-12 large-12\"  >\n\t\t\t\t<div class=\"col-inner text-left dark\"  >\n\t\t\t\n\t\t\t\n<h2>Devotional<\/h2>\n\t\t<\/div>\n\t\t\t\t\t<\/div>\n\n\t\n\n\t<div id=\"col-803465878\" class=\"col small-12 large-12\"  >\n\t\t\t\t<div class=\"col-inner dark\"  >\n\t\t\t\n\t\t\t\n<p>\u00cen vorbirea \u201eA se lep\u0103da de sine \u00eensu\u0219i\u201d, Aslaksen spune c\u0103 nu situa\u021biile exterioare sunt greut\u0103\u021bile, ci dificult\u0103\u021bile se reg\u0103sesc la mine \u00eensumi. To\u021bi pot \u00eent\u00e2lni lucruri \u00een via\u021b\u0103 care sunt experimentate ca fiind foarte grele. De ce spune Aslaksen c\u0103 oricum este at\u00e2t de pl\u0103cut pe calea cea \u00eengust\u0103?<\/p>\n<p class='info'>You have to <a href='\/login\/'>log in<\/a> if you want to save your answer.<\/p>\n\t\t<\/div>\n\t\t\t\t\t<\/div>\n\n\t\n<\/div>\n\t\t<\/div>\n\n\t\t\n<style>\n#section_502053513 {\n  padding-top: 30px;\n  padding-bottom: 30px;\n  background-color: rgb(73, 92, 94);\n}\n<\/style>\n\t<\/section>\n\t\n","protected":false},"excerpt":{"rendered":"","protected":false},"author":5,"featured_media":0,"parent":10120,"menu_order":0,"comment_status":"closed","ping_status":"closed","template":"page-blank.php","meta":{"footnotes":""},"class_list":["post-10763","page","type-page","status-publish","hentry"],"aioseo_notices":[],"_links":{"self":[{"href":"https:\/\/words-of-faith.org\/ro\/wp-json\/wp\/v2\/pages\/10763","targetHints":{"allow":["GET"]}}],"collection":[{"href":"https:\/\/words-of-faith.org\/ro\/wp-json\/wp\/v2\/pages"}],"about":[{"href":"https:\/\/words-of-faith.org\/ro\/wp-json\/wp\/v2\/types\/page"}],"author":[{"embeddable":true,"href":"https:\/\/words-of-faith.org\/ro\/wp-json\/wp\/v2\/users\/5"}],"replies":[{"embeddable":true,"href":"https:\/\/words-of-faith.org\/ro\/wp-json\/wp\/v2\/comments?post=10763"}],"version-history":[{"count":0,"href":"https:\/\/words-of-faith.org\/ro\/wp-json\/wp\/v2\/pages\/10763\/revisions"}],"up":[{"embeddable":true,"href":"https:\/\/words-of-faith.org\/ro\/wp-json\/wp\/v2\/pages\/10120"}],"wp:attachment":[{"href":"https:\/\/words-of-faith.org\/ro\/wp-json\/wp\/v2\/media?parent=10763"}],"curies":[{"name":"wp","href":"https:\/\/api.w.org\/{rel}","templated":true}]}}