{"id":10909,"date":"2020-05-14T20:00:43","date_gmt":"2020-05-14T18:00:43","guid":{"rendered":"https:\/\/aslaksen.bcc.no\/?page_id=10909"},"modified":"2020-08-21T12:13:05","modified_gmt":"2020-08-21T10:13:05","slug":"eu-sunt-rastignit-cu-hristos","status":"publish","type":"page","link":"https:\/\/words-of-faith.org\/ro\/studiu-biblic\/tema-2\/eu-sunt-rastignit-cu-hristos\/","title":{"rendered":"Eu sunt r\u0103stignit cu Hristos"},"content":{"rendered":"\n\t<section class=\"section\" id=\"section_780234257\">\n\t\t<div class=\"section-bg fill\" >\n\t\t\t\t\t\t\t\t\t\n\t\t\t\n\n\t\t<\/div>\n\n\t\t\n\n\t\t<div class=\"section-content relative\">\n\t\t\t\n<div class=\"row align-center\"  id=\"row-1735997910\">\n\n\t<div id=\"col-1638989353\" class=\"col small-12 large-12\"  >\n\t\t\t\t<div class=\"col-inner\"  >\n\t\t\t\n\t\t\t\n<p class=\"breadcrumbs\"><a href=\"..\/\">Theme 2<\/a> \/ Messages<\/p>\n<h1>Sunt r\u0103stignit \u00eempreun\u0103 cu Hristos \u2026<\/h1>\n<p class=\"article-date\">Din bro\u0219ura \u201cOdihn\u0103 \u00een Dumnezeu\u201d, publicat\u0103 \u00een 1950<\/p>\n<p class=\"article-author\">de Elias Aslaksen<\/p>\n\t\t<\/div>\n\t\t\t\t\t<\/div>\n\n\t\n\n<style>\n#row-1735997910 > .col > .col-inner {\n  padding: 30px 0px 0px 0px;\n}\n<\/style>\n<\/div>\n<div class=\"row align-center audio\"  id=\"row-1983709800\">\n\n\t<div id=\"col-420855895\" class=\"col small-12 large-12\"  >\n\t\t\t\t<div class=\"col-inner\"  >\n\t\t\t\n\t\t\t\n<!--[if lt IE 9]><script>document.createElement('audio');<\/script><![endif]-->\n<audio class=\"wp-audio-shortcode\" id=\"audio-10909-1\" preload=\"none\" style=\"width: 100%;\" controls=\"controls\"><source type=\"audio\/mpeg\" src=\"\/audio\/Tema%202\/rom\/8%20S%20-%20Jeg%20er%20korsfestet%20med%20Kristus%20ROM.mp3?_=1\" \/><a href=\"\/audio\/Tema%202\/rom\/8%20S%20-%20Jeg%20er%20korsfestet%20med%20Kristus%20ROM.mp3\">\/audio\/Tema%202\/rom\/8%20S%20-%20Jeg%20er%20korsfestet%20med%20Kristus%20ROM.mp3<\/a><\/audio>\n<p class=\"click-to-listen\">Click to listen to the speech.<\/p>\n\t\t<\/div>\n\t\t\t\t\t<\/div>\n\n\t\n<\/div>\n<div class=\"row align-center article article-excerpt\"  id=\"row-1355012007\">\n\n\t<div id=\"col-1893026999\" class=\"col small-12 large-12\"  >\n\t\t\t\t<div class=\"col-inner text-left\"  >\n\t\t\t\n\t\t\t\n<p>\u201eSunt r\u0103stignit \u00eempreun\u0103 cu Hristos \u0219i tr\u0103iesc \u2026, dar nu mai tr\u0103iesc eu \u2026\u201d. Gal. 2:20.<\/p>\n<p>Acesta este cuv\u00e2ntul principal pentru a dob\u00e2ndi odihn\u0103 \u00een Dumnezeu. Dac\u0103 noi <strong><em>credem<\/em><\/strong> acest cuv\u00e2nt \u2013 lucru foarte rar \u00eent\u00e2lnit, din nefericire \u2013 atunci exprimarea este foarte clar\u0103. \u00cens\u0103 tocmai acest verset nu este crezut aproape niciodat\u0103. Omul \u00eel r\u0103st\u0103lm\u0103ce\u0219te \u00een loc s\u0103 \u00eel cread\u0103, \u0219i astfel \u00ee\u0219i r\u0103st\u0103lm\u0103ce\u0219te sl\u0103vita izb\u0103vire din nenorocire, \u0219i se desparte de odihna \u00een Dumnezeu, cea \u00een care <strong>unii<\/strong> vor intra! Fie ca tu, care cite\u0219ti aceste r\u00e2nduri, s\u0103 ajungi unul dintre ace\u0219ti \u201eunii\u201d!<\/p>\n<p>De ce s\u0103 nu intri mai degrab\u0103 \u00een odihn\u0103, \u00een loc s\u0103 r\u0103m\u00e2i \u00een aceast\u0103 nelini\u0219te rea \u0219i nepl\u0103cut\u0103, \u00een toat\u0103 aceast\u0103 durere inutil\u0103, pe care tu \u00eensu\u021bi \u021bi-o provoci, prin necredin\u021b\u0103?<\/p>\n<p>Adev\u0103rul este simplu, direct \u0219i limpede precum cristalul: toat\u0103 nelini\u0219tea zace \u00een omul cel vechi. C\u00e2nd acesta \u2013 prin credin\u021b\u0103 vie \u00een Cuv\u00e2nt, Rom. 6:6 \u2013 este \u00eentr-adev\u0103r <strong>r\u0103stignit<\/strong> \u0219i <strong>dezbr\u0103cat<\/strong>, Efes. 4:22, atunci toat\u0103 nelini\u0219tea \u00eenceteaz\u0103 \u00een mod natural, \u0219i odihna \u00eei ia locul.<\/p>\n<p>Pentru a explica aceast\u0103 tain\u0103 ascuns\u0103, nimic nu-i mai semnificativ dec\u00e2t obi\u0219nuita expresie din anun\u021burile de deces: <em>\u201eN. N. a intrat \u00een odihn\u0103\u201d<\/em>. Iar acest lucru s-a \u00eent\u00e2mplat prin moarte! Acum cite\u0219te versetul men\u021bionat anterior, Gal. 2:20 \u0219i Rom. 6:7.<\/p>\n<p>Ceea ce, datorit\u0103 necredin\u021bei, este at\u00e2t de tainic \u0219i at\u00e2t de necunoscut, este tocmai faptul c\u0103 prin credin\u021b\u0103 vie \u00een Cuv\u00e2nt <strong>este cu putin\u021b\u0103 ca omul s\u0103 moar\u0103 \u00een timp ce \u00eenc\u0103<\/strong> <strong>tr\u0103ie\u0219te <\/strong>\u00een trupul acesta, s\u0103 moar\u0103 fa\u021b\u0103 de p\u0103cat, \u0219i prin aceasta fa\u021b\u0103 de <em>orice fel de nelini\u0219te din inim\u0103 \u0219i g\u00e2nd<\/em>, \u00een timp ce trupul lucreaz\u0103 \u00een robia stric\u0103ciunii. Aceste dou\u0103 lucruri cu siguran\u021b\u0103 nu fac parte din aceea\u0219i categorie. Cuv\u00e2ntul taie \u0219i desparte. O parte se desprinde acum! N\u0103dejdea noastr\u0103 este c\u0103, \u00een cur\u00e2nd, vom fi gata \u0219i cu cealalt\u0103 parte! Aleluia!<\/p>\n<p>Cel mai bun lucru care i se poate \u00eent\u00e2mpla unui om aici pe p\u0103m\u00e2nt, \u00een timpul pribegiei, <em>este s\u0103 intre cu adev\u0103rat \u00een odihn\u0103, \u00een timp ce \u00eenc\u0103 poart\u0103 acest trup de moarte<\/em>.<\/p>\n\t\t<\/div>\n\t\t\t\t\t<\/div>\n\n\t\n\n\t<div id=\"col-340928699\" class=\"col copyright small-12 large-12\"  >\n\t\t\t\t<div class=\"col-inner text-left\"  >\n\t\t\t\n\t\t\t\n<div>\u00a9 Copyright Stiftelsen Skjulte Skatters Forlag<\/div>\n\t\t<\/div>\n\t\t\t\t\t<\/div>\n\n\t\n\n\t<div id=\"col-866922560\" class=\"col small-12 large-12\"  >\n\t\t\t\t<div class=\"col-inner text-left\"  >\n\t\t\t\n\t\t\t\n<div><a href=\"#\" class=\"read-more\">Cite\u0219te mai departe<\/a><\/div>\n\t\t<\/div>\n\t\t\t\t\t<\/div>\n\n\t\n\n\t<div id=\"col-319253700\" class=\"col small-12 large-12\"  >\n\t\t\t\t<div class=\"col-inner text-left\"  >\n\t\t\t\n\t\t\t\n<p class=\"next-previous-message\"><a class=\"previous\" href=\"\/ro\/bible-studies\/theme-2\/deny-oneself\/\"><i class=\"icon-angle-left\"><\/i> Previous<\/a><a class=\"next\" href=\"\/ro\/bible-studies\/theme-2\/it-is-no-longer-i-who-live\/\">Next <i class=\"icon-angle-right\"><\/i><\/a><\/p>\n\t\t<\/div>\n\t\t\t\t\t<\/div>\n\n\t\n<\/div>\n\t\t<\/div>\n\n\t\t\n<style>\n#section_780234257 {\n  padding-top: 0px;\n  padding-bottom: 0px;\n  margin-bottom: 0px;\n}\n@media (min-width:550px) {\n  #section_780234257 {\n    padding-top: 0px;\n    padding-bottom: 0px;\n  }\n}\n<\/style>\n\t<\/section>\n\t\n\n\t<section class=\"section food-for-thought\" id=\"section_1875638506\">\n\t\t<div class=\"section-bg fill\" >\n\t\t\t\t\t\t\t\t\t\n\t\t\t\n\n\t\t<\/div>\n\n\t\t\n\n\t\t<div class=\"section-content relative\">\n\t\t\t\n<div class=\"row align-center\"  id=\"row-151337789\">\n\n\t<div id=\"col-1094435302\" class=\"col title small-12 large-12\"  >\n\t\t\t\t<div class=\"col-inner text-left dark\"  >\n\t\t\t\n\t\t\t\n<h2>Devotional<\/h2>\n\t\t<\/div>\n\t\t\t\t\t<\/div>\n\n\t\n\n\t<div id=\"col-182590990\" class=\"col small-12 large-12\"  >\n\t\t\t\t<div class=\"col-inner dark\"  >\n\t\t\t\n\t\t\t\n<p>\u00cen articolul \u201eEu sunt r\u0103stignit cu Hristos\u201d Aslaksen scrie despre \u201ea intra \u00een odihn\u0103\u201d. Cum ai explica tu asta unei alte persoane?<\/p>\n<p class='info'>You have to <a href='\/login\/'>log in<\/a> if you want to save your answer.<\/p>\n\t\t<\/div>\n\t\t\t\t\t<\/div>\n\n\t\n<\/div>\n\t\t<\/div>\n\n\t\t\n<style>\n#section_1875638506 {\n  padding-top: 30px;\n  padding-bottom: 30px;\n  background-color: rgb(73, 92, 94);\n}\n<\/style>\n\t<\/section>\n\t\n","protected":false},"excerpt":{"rendered":"","protected":false},"author":5,"featured_media":0,"parent":10120,"menu_order":0,"comment_status":"closed","ping_status":"closed","template":"page-blank.php","meta":{"footnotes":""},"class_list":["post-10909","page","type-page","status-publish","hentry"],"aioseo_notices":[],"_links":{"self":[{"href":"https:\/\/words-of-faith.org\/ro\/wp-json\/wp\/v2\/pages\/10909","targetHints":{"allow":["GET"]}}],"collection":[{"href":"https:\/\/words-of-faith.org\/ro\/wp-json\/wp\/v2\/pages"}],"about":[{"href":"https:\/\/words-of-faith.org\/ro\/wp-json\/wp\/v2\/types\/page"}],"author":[{"embeddable":true,"href":"https:\/\/words-of-faith.org\/ro\/wp-json\/wp\/v2\/users\/5"}],"replies":[{"embeddable":true,"href":"https:\/\/words-of-faith.org\/ro\/wp-json\/wp\/v2\/comments?post=10909"}],"version-history":[{"count":0,"href":"https:\/\/words-of-faith.org\/ro\/wp-json\/wp\/v2\/pages\/10909\/revisions"}],"up":[{"embeddable":true,"href":"https:\/\/words-of-faith.org\/ro\/wp-json\/wp\/v2\/pages\/10120"}],"wp:attachment":[{"href":"https:\/\/words-of-faith.org\/ro\/wp-json\/wp\/v2\/media?parent=10909"}],"curies":[{"name":"wp","href":"https:\/\/api.w.org\/{rel}","templated":true}]}}