{"id":10969,"date":"2020-05-14T20:00:26","date_gmt":"2020-05-14T18:00:26","guid":{"rendered":"https:\/\/aslaksen.bcc.no\/?page_id=10969"},"modified":"2020-08-21T12:01:21","modified_gmt":"2020-08-21T10:01:21","slug":"nu-mai-traiesc-eu","status":"publish","type":"page","link":"https:\/\/words-of-faith.org\/ro\/studiu-biblic\/tema-2\/nu-mai-traiesc-eu\/","title":{"rendered":"\u201e&#8230; nu mai tr\u0103iesc eu &#8230;\u201d"},"content":{"rendered":"\n\t<section class=\"section\" id=\"section_1034976781\">\n\t\t<div class=\"section-bg fill\" >\n\t\t\t\t\t\t\t\t\t\n\t\t\t\n\n\t\t<\/div>\n\n\t\t\n\n\t\t<div class=\"section-content relative\">\n\t\t\t\n<div class=\"row align-center\"  id=\"row-1879450997\">\n\n\t<div id=\"col-1783020162\" class=\"col small-12 large-12\"  >\n\t\t\t\t<div class=\"col-inner\"  >\n\t\t\t\n\t\t\t\n<p class=\"breadcrumbs\"><a href=\"..\/\">Theme 2<\/a> \/ Messages<\/p>\n<h1>\u201e\u2026 nu mai tr\u0103iesc eu \u2026\u201d<\/h1>\n<p class=\"article-date\">Comori Ascunse, publicat \u00een februarie 1963<\/p>\n<p class=\"article-author\">de Elias Aslaksen<\/p>\n\t\t<\/div>\n\t\t\t\t\t<\/div>\n\n\t\n\n<style>\n#row-1879450997 > .col > .col-inner {\n  padding: 30px 0px 0px 0px;\n}\n<\/style>\n<\/div>\n<div class=\"row align-center audio\"  id=\"row-215303149\">\n\n\t<div id=\"col-468307578\" class=\"col small-12 large-12\"  >\n\t\t\t\t<div class=\"col-inner\"  >\n\t\t\t\n\t\t\t\n<!--[if lt IE 9]><script>document.createElement('audio');<\/script><![endif]-->\n<audio class=\"wp-audio-shortcode\" id=\"audio-10969-1\" preload=\"none\" style=\"width: 100%;\" controls=\"controls\"><source type=\"audio\/mpeg\" src=\"\/audio\/Tema%202\/rom\/9%20S%20-%20jeg%20lever%20ikke%20lenger%20selv%20ROM.mp3?_=1\" \/><a href=\"\/audio\/Tema%202\/rom\/9%20S%20-%20jeg%20lever%20ikke%20lenger%20selv%20ROM.mp3\">\/audio\/Tema%202\/rom\/9%20S%20-%20jeg%20lever%20ikke%20lenger%20selv%20ROM.mp3<\/a><\/audio>\n<p class=\"click-to-listen\">Click to listen to the speech.<\/p>\n\t\t<\/div>\n\t\t\t\t\t<\/div>\n\n\t\n<\/div>\n<div class=\"row align-center article article-excerpt\"  id=\"row-1204795480\">\n\n\t<div id=\"col-40084884\" class=\"col small-12 large-12\"  >\n\t\t\t\t<div class=\"col-inner text-left\"  >\n\t\t\t\n\t\t\t\n<p><strong>\u201e\u2026 dar nu mai tr\u0103iesc eu \u2026\u201d&nbsp;Gal. 2:20.<\/strong><\/p>\n<p>Ce miracol trebuie s\u0103 se fi \u00eent\u00e2mplat, c\u00e2nd un om poate \u00een adev\u0103r s\u0103 scrie aceasta c\u00e2t \u00eenc\u0103 tr\u0103ie\u0219te \u00een aceast\u0103 lume?!\u2014<\/p>\n<p>Cum mai pot p\u0103c\u0103tui \u00een continuare, c\u00e2nd eu \u00eensumi nu mai tr\u0103iesc? Cum mai pot fi m\u00e2nios, ofensat, &nbsp;ranchiunos, moroc\u0103nos, nemul\u021bumitor, s\u0103 primesc ceva \u00eempotriva cuiva, s\u0103 fur, s\u0103 mint, s\u0103 fiu \u00eengrijorat, s\u0103 fiu vanitos \u0219i superficial, s\u0103 m\u0103 cert, s\u0103 dezbat, s\u0103 fiu descurajat, s\u0103 fiu m\u00e2ndru, cu dragoste de bani sau l\u0103ud\u0103ros?<\/p>\n<p>Da, r\u0103spunde-mi la \u00eentrebarea aceasta! Cum poate cel care nu mai tr\u0103ie\u0219te deloc s\u0103 fac\u0103 vreun r\u0103u? Un om p\u0103c\u0103tuie\u0219te at\u00e2t timp c\u00e2t el tr\u0103ie\u0219te, el \u00eensu\u0219i! Cum mai pot r\u00e2vni ceva pentru mine, c\u00e2nd eu \u00eensumi nu mai tr\u0103iesc?<\/p>\n<p>Dac\u0103 nu vreau s\u0103 renun\u021b la tot \u0219i s\u0103 mor \u00eempreun\u0103 cu Hristos, atunci mi-e sortit s\u0103 continui s\u0103 p\u0103c\u0103tuiesc.<\/p>\n<p>\u201eNu poate p\u0103c\u0103tui, fiindc\u0103 este n\u0103scut din Dumnezeu\u201d este la fel cu a spune: el nu poate p\u0103c\u0103tui, fiindc\u0103 el este mort \u00eempreun\u0103 cu Hristos = pentru c\u0103 el nu mai tr\u0103ie\u0219te. 1 Ioan 3:9.<\/p>\n<p>Cum s\u0103 nu am dragoste c\u00e2nd Hristos tr\u0103ie\u0219te \u00een mine? Gal. 2:20. Cum s\u0103 fac nedreptate c\u00e2nd Hristos tr\u0103ie\u0219te \u00een mine?<\/p>\n<p>Hristos \u0219i p\u0103catul con\u0219tient nu pot fi \u00een mine \u00een acela\u0219i timp! Dac\u0103 Isus este \u00een mine, atunci p\u0103catul este \u00een afara inimii mele. Dac\u0103 p\u0103catul este \u00een inima mea, atunci Isus este pe dinafar\u0103. \u2013 Tocmai de aceea bate El la u\u0219a inimii oamenilor poc\u0103i\u021bi, a\u0219a cum st\u0103 scris \u00een Apocalipsa 3:20.<\/p>\n<p>Din p\u0103cate, cei mai mul\u021bi continu\u0103 s\u0103 tr\u0103iasc\u0103 ei \u00een\u0219i\u0219i, c\u0103ci este cunoscut \u0219i vizibil c\u0103 cei mai mul\u021bi fac un p\u0103cat sau altul dat\u0103 dup\u0103 dat\u0103, chiar \u0219i cele mai grosolane p\u0103cate precum, de exemplu a min\u021bi sau a avea ceva \u00eempotriva cuiva!<\/p>\n<p>Cum pot continua s\u0103 m\u0103 ap\u0103r pe mine \u0219i ce-i al meu \u0219i s\u0103 m\u0103 \u00eendrept\u0103\u021besc atunci c\u00e2nd sunt mort?<\/p>\n<p>Cum poate cineva s\u0103 mai fie egoist c\u00e2nd el \u00eensu\u0219i nu mai tr\u0103ie\u0219te? Cum poate cineva s\u0103 mai fie viu intersat de obiecte casnice, haine \u0219i culori frumoase c\u00e2nd el \u00eensu\u0219i este mort? \u0218i ce interes poate avea cel mort despre ceea ce spun sau g\u00e2ndesc oamenii despre el??? Da, r\u0103spunde-mi la \u00eentrebarea aceasta!<\/p>\n<p>\u0218i ce durere \u00eemi poate provoca atunci c\u00e2nd cineva m\u0103 nedrept\u0103\u021be\u0219te \u00een cele p\u0103m\u00e2nte\u0219ti c\u00e2nd eu \u00eensumi sunt mort fa\u021b\u0103 de acestea? \u0218i ce mare bucurie \u00eei poate aduce celui ce este mort c\u00e2nd \u00eenc\u0103 prime\u0219te multe c\u00e2\u0219tiguri \u00een numele s\u0103u? Da, spune-mi aceasta!<\/p>\n<p>Nimeni nu poate s\u0103 spun\u0103 cu adev\u0103rat c\u0103 nu mai are o voie proprie, dar prin harul mare al lui Dumnezeu poate p\u0103rea ca \u0219i cum nu mai ai una. \u2013 Cum mai pot eu iubi lucrurile din lume, c\u00e2nd eu sunt mort pentru aceasta?<\/p>\n<p>St\u0103 scris \u00eentr-un c\u00e2ntec: \u201eeu nu mai vreau = eu \u00eensumi nu mai tr\u0103iesc.\u201d Este acest lucru adev\u0103rat \u00een cazul t\u0103u?<\/p>\n<p>\u00cen general, omul vrea foarte multe!!!<\/p>\n<p>Cel ce este mort \u2013 cel ce nu mai tr\u0103ie\u0219te pentru sine \u2013 nu mai are nimic de pierdut, pentru c\u0103 el a p\u0103r\u0103sit cu adev\u0103rat toate lucrurile.<\/p>\n<p>Dar cel ce tr\u0103ie\u0219te \u00een continuare pentru sine, pre\u021buie\u0219te multe lucruri. El poate suferi multe accidente \u0219i mult\u0103 pierdere \u0219i poate fi pl\u0103guit de semenii s\u0103i. Dar acestea nu \u00eel fac, din p\u0103cate, s\u0103 \u00ee\u0219i piard\u0103 via\u021ba, dup\u0103 cum deseori se sus\u021bine. \u00cens\u0103, omul are posibilitatea de o pierde voluntar.-<\/p>\n<p>Iar atunci vor avea loc mari minuni sau miracole, prin faptul c\u0103 omul scap\u0103 de toate greut\u0103\u021bile \u0219i suferin\u021bele sale!!! Minunat! Atunci toate vor fi spre c\u00e2\u0219tig, absolut fiecare lucru! \u2013<\/p>\n<p>\u201e\u2026noi, fiind mor\u021bi fa\u021b\u0103 de p\u0103cat\u2026\u201d 1. Petru 2:24. \u201e..Noi, care am murit fa\u021b\u0103 de p\u0103cat.\u201d Rom. 6:2. Dac\u0103 am murit \u00eempreun\u0103 cu Isus, de ce ne purt\u0103m \u201eca \u0219i cum am tr\u0103i \u00eenc\u0103 \u00een lume\u201d? Col. 2:20.<\/p>\n<p>Ai mai auzit vreodat\u0103 a\u0219a ceva???<\/p>\n<p>Acum trebuie s\u0103 \u00eentreb\u0103m: ce este necesar pentru a ajunge cu adev\u0103rat la aceast\u0103 stare indescriptibil de sl\u0103vit\u0103? Dou\u0103 lucruri: 1) s\u0103 vrem cu adev\u0103rat s\u0103 murim fa\u021b\u0103 de noi \u00een\u0219ine \u0219i al nostru. 2) Credin\u021b\u0103 personal\u0103, vie \u0219i \u00eensu\u0219it\u0103 c\u0103 am murit \u00eempreun\u0103 cu Hristos atunci c\u00e2nd El a murit pe crucea de la Golgota. 1) Faptul c\u0103 vrem acest lucru ne face posibil s\u0103 credem. 2) Faptul c\u0103 credem acest lucru, \u00eel face realitate<\/p>\n<p>Al vostru,<\/p>\n<p>Elias Aslaksen<\/p>\n\t\t<\/div>\n\t\t\t\t\t<\/div>\n\n\t\n\n\t<div id=\"col-1460523319\" class=\"col copyright small-12 large-12\"  >\n\t\t\t\t<div class=\"col-inner text-left\"  >\n\t\t\t\n\t\t\t\n<div>\u00a9 Copyright Stiftelsen Skjulte Skatters Forlag<\/div>\n\t\t<\/div>\n\t\t\t\t\t<\/div>\n\n\t\n\n\t<div id=\"col-1974530668\" class=\"col small-12 large-12\"  >\n\t\t\t\t<div class=\"col-inner text-left\"  >\n\t\t\t\n\t\t\t\n<div><a href=\"#\" class=\"read-more\">Cite\u0219te mai departe<\/a><\/div>\n\t\t<\/div>\n\t\t\t\t\t<\/div>\n\n\t\n\n\t<div id=\"col-1949756243\" class=\"col small-12 large-12\"  >\n\t\t\t\t<div class=\"col-inner text-left\"  >\n\t\t\t\n\t\t\t\n<p class=\"next-previous-message\"><a class=\"previous\" href=\"\/ro\/bible-studies\/theme-2\/i-have-been-crucified-with-christ\/\"><i class=\"icon-angle-left\"><\/i> Previous<\/a><a class=\"next\" href=\"\/ro\/bible-studies\/theme-2\/give-up-everything\/\">Next <i class=\"icon-angle-right\"><\/i><\/a><\/p>\n\t\t<\/div>\n\t\t\t\t\t<\/div>\n\n\t\n<\/div>\n\t\t<\/div>\n\n\t\t\n<style>\n#section_1034976781 {\n  padding-top: 0px;\n  padding-bottom: 0px;\n  margin-bottom: 0px;\n}\n@media (min-width:550px) {\n  #section_1034976781 {\n    padding-top: 0px;\n    padding-bottom: 0px;\n  }\n}\n<\/style>\n\t<\/section>\n\t\n\n\t<section class=\"section food-for-thought\" id=\"section_667763017\">\n\t\t<div class=\"section-bg fill\" >\n\t\t\t\t\t\t\t\t\t\n\t\t\t\n\n\t\t<\/div>\n\n\t\t\n\n\t\t<div class=\"section-content relative\">\n\t\t\t\n<div class=\"row align-center\"  id=\"row-2057151587\">\n\n\t<div id=\"col-1215212503\" class=\"col title small-12 large-12\"  >\n\t\t\t\t<div class=\"col-inner text-left dark\"  >\n\t\t\t\n\t\t\t\n<h2>Devotional<\/h2>\n\t\t<\/div>\n\t\t\t\t\t<\/div>\n\n\t\n\n\t<div id=\"col-2121207226\" class=\"col small-12 large-12\"  >\n\t\t\t\t<div class=\"col-inner dark\"  >\n\t\t\t\n\t\t\t\n<p>\u00cen articolul \u201e\u2026 nu mai tr\u0103iesc eu \u00eensumi \u2026\u201d Aslaksen scrie: \u201eC\u00e2nd Hristos este \u00een mine, atunci p\u0103catul este \u00een afara inimii mele. C\u00e2nd p\u0103catul este \u00een inima mea, atunci este Hristos \u00een afara inimii\u201d. Po\u021bi spune c\u0103 Hristos tr\u0103ie\u0219te \u00een tine atunci c\u00e2nd tu e\u0219ti ispitit? De ce?<\/p>\n<p class='info'>You have to <a href='\/login\/'>log in<\/a> if you want to save your answer.<\/p>\n\t\t<\/div>\n\t\t\t\t\t<\/div>\n\n\t\n<\/div>\n\t\t<\/div>\n\n\t\t\n<style>\n#section_667763017 {\n  padding-top: 30px;\n  padding-bottom: 30px;\n  background-color: rgb(73, 92, 94);\n}\n<\/style>\n\t<\/section>\n\t\n","protected":false},"excerpt":{"rendered":"","protected":false},"author":5,"featured_media":0,"parent":10120,"menu_order":0,"comment_status":"closed","ping_status":"closed","template":"page-blank.php","meta":{"footnotes":""},"class_list":["post-10969","page","type-page","status-publish","hentry"],"aioseo_notices":[],"_links":{"self":[{"href":"https:\/\/words-of-faith.org\/ro\/wp-json\/wp\/v2\/pages\/10969","targetHints":{"allow":["GET"]}}],"collection":[{"href":"https:\/\/words-of-faith.org\/ro\/wp-json\/wp\/v2\/pages"}],"about":[{"href":"https:\/\/words-of-faith.org\/ro\/wp-json\/wp\/v2\/types\/page"}],"author":[{"embeddable":true,"href":"https:\/\/words-of-faith.org\/ro\/wp-json\/wp\/v2\/users\/5"}],"replies":[{"embeddable":true,"href":"https:\/\/words-of-faith.org\/ro\/wp-json\/wp\/v2\/comments?post=10969"}],"version-history":[{"count":0,"href":"https:\/\/words-of-faith.org\/ro\/wp-json\/wp\/v2\/pages\/10969\/revisions"}],"up":[{"embeddable":true,"href":"https:\/\/words-of-faith.org\/ro\/wp-json\/wp\/v2\/pages\/10120"}],"wp:attachment":[{"href":"https:\/\/words-of-faith.org\/ro\/wp-json\/wp\/v2\/media?parent=10969"}],"curies":[{"name":"wp","href":"https:\/\/api.w.org\/{rel}","templated":true}]}}