{"id":11025,"date":"2020-05-14T20:00:55","date_gmt":"2020-05-14T18:00:55","guid":{"rendered":"https:\/\/aslaksen.bcc.no\/?page_id=11025"},"modified":"2020-08-21T12:17:02","modified_gmt":"2020-08-21T10:17:02","slug":"a-si-lua-crucea","status":"publish","type":"page","link":"https:\/\/words-of-faith.org\/ro\/studiu-biblic\/tema-2\/a-si-lua-crucea\/","title":{"rendered":"A-\u0219i lua crucea"},"content":{"rendered":"\n\t<section class=\"section\" id=\"section_561669786\">\n\t\t<div class=\"section-bg fill\" >\n\t\t\t\t\t\t\t\t\t\n\t\t\t\n\n\t\t<\/div>\n\n\t\t\n\n\t\t<div class=\"section-content relative\">\n\t\t\t\n<div class=\"row align-center\"  id=\"row-784702366\">\n\n\t<div id=\"col-1775683198\" class=\"col small-12 large-12\"  >\n\t\t\t\t<div class=\"col-inner\"  >\n\t\t\t\n\t\t\t\n<p class=\"breadcrumbs\"><a href=\"..\/\">Theme 2<\/a> \/ Messages<\/p>\n<h1>A-\u0219i lua crucea<\/h1>\n<p class=\"article-date\">Comori Ascunse, publicat \u00een februarie 1970<\/p>\n<p class=\"article-author\">de Elias Aslaksen<\/p>\n\t\t<\/div>\n\t\t\t\t\t<\/div>\n\n\t\n\n<style>\n#row-784702366 > .col > .col-inner {\n  padding: 30px 0px 0px 0px;\n}\n<\/style>\n<\/div>\n<div class=\"row align-center audio\"  id=\"row-174810469\">\n\n\t<div id=\"col-1711078956\" class=\"col small-12 large-12\"  >\n\t\t\t\t<div class=\"col-inner\"  >\n\t\t\t\n\t\t\t\n<!--[if lt IE 9]><script>document.createElement('audio');<\/script><![endif]-->\n<audio class=\"wp-audio-shortcode\" id=\"audio-11025-1\" preload=\"none\" style=\"width: 100%;\" controls=\"controls\"><source type=\"audio\/mpeg\" src=\"\/audio\/Tema%202\/rom\/11%20S%20-%20%C3%85%20ta%20sitt%20kors%20opp%20%E2%80%93%20ROM.mp3?_=1\" \/><a href=\"\/audio\/Tema%202\/rom\/11%20S%20-%20%C3%85%20ta%20sitt%20kors%20opp%20%E2%80%93%20ROM.mp3\">\/audio\/Tema%202\/rom\/11%20S%20-%20%C3%85%20ta%20sitt%20kors%20opp%20%E2%80%93%20ROM.mp3<\/a><\/audio>\n<p class=\"click-to-listen\">Click to listen to the speech.<\/p>\n\t\t<\/div>\n\t\t\t\t\t<\/div>\n\n\t\n<\/div>\n<div class=\"row align-center article article-excerpt\"  id=\"row-1798026827\">\n\n\t<div id=\"col-1956450284\" class=\"col small-12 large-12\"  >\n\t\t\t\t<div class=\"col-inner text-left\"  >\n\t\t\t\n\t\t\t\n<p><strong>A-\u0219i lua crucea<\/strong><\/p>\n<p>\u0219i <strong>a-\u0219i purta crucea<\/strong>, vrea s\u0103 spun\u0103: a ajuta la propria r\u0103stignire. Crucea mea, este totul \u0219i to\u021bi cei care \u00eemi intersecteaz\u0103 voin\u021ba, voia mea omeneasc\u0103, voia firii.<\/p>\n<p>Dac\u0103 nu-mi iau crucea, <strong>atunci nu sunt vrednic de Hristos!<\/strong> \u0218i a\u0219a este cu cei mai mul\u021bi credincio\u0219i. Da, ei umbl\u0103, spune Pavel, ca <strong>du\u0219mani ai crucii lui Hristos<\/strong>, adic\u0103 ai crucii pe care urmau s\u0103 o ia, \u0219i a c\u0103ror voie proprie trebuia r\u0103stignit\u0103.<\/p>\n<p>\u00cen Gal. 5:24 g\u0103sim acest adev\u0103r cu o seriozitate de moarte: \u201eCei ce sunt ai lui Hristos Isus \u015fi-au r\u0103stignit&nbsp;firea p\u0103m\u00e2nteasc\u0103 \u00eempreun\u0103 cu patimile \u015fi poftele ei\u201d. Prin urmare, cei care nu au f\u0103cut acest lucru, \u0219i continu\u0103 \u00een acel fel, ei <strong>nu<\/strong> \u00eei apar\u021bin! Ei <strong>nu<\/strong> sunt ucenicii Lui!<\/p>\n<p>Cel mai minunat lucru dintre toate a fost c\u0103 Isus S-a oferit voluntar pentru a fi r\u0103stignit, ba chiar a \u0219i ajutat la asta! Cel de-al doilea lucru minunat este atunci c\u00e2nd un om se las\u0103 voluntar r\u0103stignit \u00eempreun\u0103 cu El, prin credin\u021b\u0103 \u0219i prin ascultarea credin\u021bei merg\u00e2nd zilnic ca un adev\u0103rat prieten al crucii asupra c\u0103reia se r\u0103stigne\u0219te propria voie.<\/p>\n<p>Acesta era pentru sl\u0103vitul apostol Pavel singurul lucru cu care voia s\u0103 se laude \u0219i cel mai mare pe care \u00eel \u0219tia! \u0218i via\u021ba \u0219i \u00eenv\u0103\u021b\u0103tura sa arat\u0103 clar acest lucru!<\/p>\n<p>Nu a fost doar c\u0103 a fost \u00eenc\u00e2ntat de aceast\u0103 teorie des\u0103v\u00e2r\u0219it\u0103! Nu, el a tr\u0103it-o la maxim \u0219i \u00eendeamn\u0103 s\u0103 urm\u0103m dup\u0103 el! Hai s\u0103 facem asta pe deplin, iubi\u021bii mei prieteni!<\/p>\n<p>Ascult\u0103 ce spune el: \u201eEu <strong>sunt<\/strong> r\u0103stignit \u00eempreun\u0103 cu Hristos, <strong>nu<\/strong> mai tr\u0103iesc eu. \u201c. Gal. 2:20. \u0218i \u201e<strong>Departe<\/strong> de mine g\u00e2ndul s\u0103 m\u0103 laud cu altceva dec\u00e2t cu crucea Domnului nostru Isus Hristos, prin care <strong>lumea este r\u0103stignit\u0103&nbsp;fa\u0163\u0103 de mine \u015fi eu, fa\u0163\u0103 de lume<\/strong>!\u201d. Gal. 6:14.<\/p>\n<p>Pentru el asta a fost cea mai mare dintre toate, cel mai sl\u0103vit dintre toate, cel mai lucr\u0103tor dintre toate \u0219i secretul celei mai mari fericiri pe care un om le poate atinge aici \u00een pribegie!<\/p>\n<p>\u201e<strong>Totu\u015fi fac\u0103-se nu&nbsp;voia Mea, ci a Ta<\/strong>.\u201d Este \u0219i va fi <strong>lucrul principal<\/strong> din toat\u0103 via\u021ba noastr\u0103, da \u00eensu\u0219i lucrul principal! De fapt, nu mai exist\u0103 alt lucru! Luca 11:2: <strong>\u201efac\u0103-se voia Ta, precum \u00een cer, a\u015fa \u015fi pe p\u0103m\u00e2nt!\u201d<\/strong> Acolo se \u00eent\u00e2mpl\u0103 exact \u0219i cu vitez\u0103 fulger\u0103toare!<\/p>\n<p>\u0218i atunci este de la sine \u00een\u021beles c\u0103 trebuie s\u0103 ajungem la acest lucru: fulger\u0103tor de repede s\u0103 renun\u021b\u0103m \u0219i s\u0103 r\u0103stignim propria noastr\u0103 voie, altfel voia lui Dumnezeu nu se poate \u00eent\u00e2mpla pe p\u0103m\u00e2nt a\u0219a cum se \u00eent\u00e2mpl\u0103 \u00een ceruri! \u2014<\/p>\n<p>Dar cine are o \u021bint\u0103 at\u00e2t de \u00eenalt\u0103 \u0219i o a\u0219a credin\u021b\u0103??? \u2014<\/p>\n<p>\u0218i dac\u0103 nu am avut-o, haide\u021bi s\u0103 ne trezim la seriozitate acum, pentru a putea atinge aceast\u0103 \u021bint\u0103 \u0219i o credin\u021b\u0103 vie \u00een ajutorul extrem de puternic al lui Dumnezeu pentru a ajunge la aceasta!<\/p>\n<p>Se \u00eent\u00e2mpl\u0103!<\/p>\n<p>Al t\u0103u frate profund \u00eendurerat asupra \u00eentregului somn duhovnicesc,<\/p>\n<p>Elias Aslaksen.<\/p>\n\t\t<\/div>\n\t\t\t\t\t<\/div>\n\n\t\n\n\t<div id=\"col-1967080998\" class=\"col copyright small-12 large-12\"  >\n\t\t\t\t<div class=\"col-inner text-left\"  >\n\t\t\t\n\t\t\t\n<div>\u00a9 Copyright Stiftelsen Skjulte Skatters Forlag<\/div>\n\t\t<\/div>\n\t\t\t\t\t<\/div>\n\n\t\n\n\t<div id=\"col-1910283220\" class=\"col small-12 large-12\"  >\n\t\t\t\t<div class=\"col-inner text-left\"  >\n\t\t\t\n\t\t\t\n<div><a href=\"#\" class=\"read-more\">Cite\u0219te mai departe<\/a><\/div>\n\t\t<\/div>\n\t\t\t\t\t<\/div>\n\n\t\n\n\t<div id=\"col-305440649\" class=\"col small-12 large-12\"  >\n\t\t\t\t<div class=\"col-inner text-left\"  >\n\t\t\t\n\t\t\t\n<p class=\"next-previous-message\"><a class=\"previous\" href=\"\/ro\/bible-studies\/theme-2\/give-up-everything\/\"><i class=\"icon-angle-left\"><\/i> Previous<\/a><a class=\"next\" href=\"\/ro\/bible-studies\/theme-2\/the-two-great-goals-in-a-christians-life\/\">Next <i class=\"icon-angle-right\"><\/i><\/a><\/p>\n\t\t<\/div>\n\t\t\t\t\t<\/div>\n\n\t\n<\/div>\n\t\t<\/div>\n\n\t\t\n<style>\n#section_561669786 {\n  padding-top: 0px;\n  padding-bottom: 0px;\n  margin-bottom: 0px;\n}\n@media (min-width:550px) {\n  #section_561669786 {\n    padding-top: 0px;\n    padding-bottom: 0px;\n  }\n}\n<\/style>\n\t<\/section>\n\t\n\n\t<section class=\"section food-for-thought\" id=\"section_497279008\">\n\t\t<div class=\"section-bg fill\" >\n\t\t\t\t\t\t\t\t\t\n\t\t\t\n\n\t\t<\/div>\n\n\t\t\n\n\t\t<div class=\"section-content relative\">\n\t\t\t\n<div class=\"row align-center\"  id=\"row-16731377\">\n\n\t<div id=\"col-878249074\" class=\"col title small-12 large-12\"  >\n\t\t\t\t<div class=\"col-inner text-left dark\"  >\n\t\t\t\n\t\t\t\n<h2>Devotional<\/h2>\n\t\t<\/div>\n\t\t\t\t\t<\/div>\n\n\t\n\n\t<div id=\"col-716386229\" class=\"col small-12 large-12\"  >\n\t\t\t\t<div class=\"col-inner dark\"  >\n\t\t\t\n\t\t\t\n<p>Dac\u0103 i-ai putea pune o \u00eentrebare lui Aslaksen dup\u0103 ce ai citit articolul: \u201eA-\u021bi lua crucea\u201d, care ar fi aceasta?<\/p>\n<p class='info'>You have to <a href='\/login\/'>log in<\/a> if you want to save your answer.<\/p>\n\t\t<\/div>\n\t\t\t\t\t<\/div>\n\n\t\n<\/div>\n\t\t<\/div>\n\n\t\t\n<style>\n#section_497279008 {\n  padding-top: 30px;\n  padding-bottom: 30px;\n  background-color: rgb(73, 92, 94);\n}\n<\/style>\n\t<\/section>\n\t\n","protected":false},"excerpt":{"rendered":"","protected":false},"author":5,"featured_media":0,"parent":10120,"menu_order":0,"comment_status":"closed","ping_status":"closed","template":"page-blank.php","meta":{"footnotes":""},"class_list":["post-11025","page","type-page","status-publish","hentry"],"aioseo_notices":[],"_links":{"self":[{"href":"https:\/\/words-of-faith.org\/ro\/wp-json\/wp\/v2\/pages\/11025","targetHints":{"allow":["GET"]}}],"collection":[{"href":"https:\/\/words-of-faith.org\/ro\/wp-json\/wp\/v2\/pages"}],"about":[{"href":"https:\/\/words-of-faith.org\/ro\/wp-json\/wp\/v2\/types\/page"}],"author":[{"embeddable":true,"href":"https:\/\/words-of-faith.org\/ro\/wp-json\/wp\/v2\/users\/5"}],"replies":[{"embeddable":true,"href":"https:\/\/words-of-faith.org\/ro\/wp-json\/wp\/v2\/comments?post=11025"}],"version-history":[{"count":0,"href":"https:\/\/words-of-faith.org\/ro\/wp-json\/wp\/v2\/pages\/11025\/revisions"}],"up":[{"embeddable":true,"href":"https:\/\/words-of-faith.org\/ro\/wp-json\/wp\/v2\/pages\/10120"}],"wp:attachment":[{"href":"https:\/\/words-of-faith.org\/ro\/wp-json\/wp\/v2\/media?parent=11025"}],"curies":[{"name":"wp","href":"https:\/\/api.w.org\/{rel}","templated":true}]}}