{"id":11044,"date":"2020-05-14T20:00:14","date_gmt":"2020-05-14T18:00:14","guid":{"rendered":"https:\/\/aslaksen.bcc.no\/?page_id=11044"},"modified":"2020-08-21T12:20:35","modified_gmt":"2020-08-21T10:20:35","slug":"cele-doua-tinte-mari-din-viata-unui-crestin","status":"publish","type":"page","link":"https:\/\/words-of-faith.org\/ro\/studiu-biblic\/tema-2\/cele-doua-tinte-mari-din-viata-unui-crestin\/","title":{"rendered":"Cele dou\u0103 \u021binte mari din via\u021ba unui cre\u0219tin"},"content":{"rendered":"\n\t<section class=\"section\" id=\"section_875437408\">\n\t\t<div class=\"section-bg fill\" >\n\t\t\t\t\t\t\t\t\t\n\t\t\t\n\n\t\t<\/div>\n\n\t\t\n\n\t\t<div class=\"section-content relative\">\n\t\t\t\n<div class=\"row align-center\"  id=\"row-1762179111\">\n\n\t<div id=\"col-18125314\" class=\"col small-12 large-12\"  >\n\t\t\t\t<div class=\"col-inner\"  >\n\t\t\t\n\t\t\t\n<p class=\"breadcrumbs\"><a href=\"..\/\">Theme 2<\/a> \/ Messages<\/p>\n<h1>Cele dou\u0103 \u021binte mari din via\u021ba unui cre\u0219tin<\/h1>\n<p class=\"article-date\">Comori Ascunse, publicat \u00een noiembrie 1957<\/p>\n<p class=\"article-author\">de Elias Aslaksen<\/p>\n\t\t<\/div>\n\t\t\t\t\t<\/div>\n\n\t\n\n<style>\n#row-1762179111 > .col > .col-inner {\n  padding: 30px 0px 0px 0px;\n}\n<\/style>\n<\/div>\n<div class=\"row align-center audio\"  id=\"row-1902586968\">\n\n\t<div id=\"col-670041120\" class=\"col small-12 large-12\"  >\n\t\t\t\t<div class=\"col-inner\"  >\n\t\t\t\n\t\t\t\n<!--[if lt IE 9]><script>document.createElement('audio');<\/script><![endif]-->\n<audio class=\"wp-audio-shortcode\" id=\"audio-11044-1\" preload=\"none\" style=\"width: 100%;\" controls=\"controls\"><source type=\"audio\/mpeg\" src=\"\/audio\/Tema%202\/rom\/12%20S%20-%20De%20to%20store%20m%C3%A5l%20i%20den%20kristnes%20liv%20ROM.mp3?_=1\" \/><a href=\"\/audio\/Tema%202\/rom\/12%20S%20-%20De%20to%20store%20m%C3%A5l%20i%20den%20kristnes%20liv%20ROM.mp3\">\/audio\/Tema%202\/rom\/12%20S%20-%20De%20to%20store%20m%C3%A5l%20i%20den%20kristnes%20liv%20ROM.mp3<\/a><\/audio>\n<p class=\"click-to-listen\">Click to listen to the speech.<\/p>\n\t\t<\/div>\n\t\t\t\t\t<\/div>\n\n\t\n<\/div>\n<div class=\"row align-center article article-excerpt\"  id=\"row-238141202\">\n\n\t<div id=\"col-602206861\" class=\"col small-12 large-12\"  >\n\t\t\t\t<div class=\"col-inner text-left\"  >\n\t\t\t\n\t\t\t\n<p><strong>I. \u00centotdeauna triumf\u0103 asupra oric\u0103rui p\u0103cat con\u0219tient.<\/strong><\/p>\n<p>C\u0103 Hristos a murit pentru p\u0103catele noastre, ne d\u0103 iertarea p\u0103catelor <strong>c\u00e2nd credem acest lucru<\/strong>, \u0219i c\u00e2nd noi \u00een\u0219ine iert\u0103m, din inim\u0103, pe to\u021bi datornicii no\u0219tri.<\/p>\n<p>Biruin\u021b\u0103 asupra tuturor p\u0103catelor con\u0219tiente primim tot <strong>prin credin\u021b\u0103<\/strong>, \u0219i anume crez\u00e2nd c\u0103 <strong>omul nostru cel vechi a fost r\u0103stignit cu Hristos<\/strong>. Rom. 6:6, sau a\u0219a cum este exprimat \u00een Gal. 2:20 <strong>\u201cEu sunt r\u0103stignit cu Hristos \u2026\u201d<\/strong><\/p>\n<p>\u00cen \u0219i prin aceast\u0103 credin\u021b\u0103 murim fa\u021b\u0103 de p\u0103cat, de la orice p\u0103cat con\u0219tient, astfel \u00eenc\u00e2t \u2013 \u00een loc s\u0103 p\u0103c\u0103tuim \u2013 r\u0103m\u00e2nem \u00eenving\u0103tori \u00een fiecare ispit\u0103.<\/p>\n<p>C\u00e2t de minunat s\u0103 po\u021bi tr\u0103i mereu cu o con\u0219tiin\u021b\u0103 bun\u0103 fa\u021b\u0103 de Dumnezeu \u0219i de oameni! \u2013 \u2013 \u2013<\/p>\n<p>Pavel scrie: \u201e<strong>Mul\u0163umiri fie aduse lui Dumnezeu, care ne poart\u0103 totdeauna cu carul Lui de biruin\u0163\u0103 \u00een Hristos<\/strong> \u2026\u201d 2 Cor. 2:14.<\/p>\n<p>Dar din p\u0103cate cei mai mul\u021bi oameni cu siguran\u021b\u0103 nu au atins acest obiectiv sl\u0103vit \u00een via\u021ba lor. \u0218i aceasta are dou\u0103 motive clare \u0219i bune:<\/p>\n<ol>\n<li>Omul pur \u0219i simplu nu dore\u0219te s\u0103 renun\u021be la tot ce-i propriu \u0219i s\u0103 moar\u0103 \u00eempreun\u0103 cu Hristos, \u0219i astfel se pierde oportunitatea de a realiza aceast\u0103 victorie sl\u0103vit\u0103.<\/li>\n<li>Omul nu crede deloc c\u0103 este r\u0103stignit cu El, \u0219i nici nu poate crede asta \u00een tot acel timp \u00een care nu vrea s\u0103 renun\u021be complet la tot ce-i propriu. Dumnezeu nu ne d\u0103 credin\u021b\u0103 pentru ceva \u00een care noi \u00een\u0219ine nu vrem s\u0103 lu\u0103m parte.<\/li>\n<\/ol>\n<p>Dac\u0103 omul dore\u0219te cu adev\u0103rat s\u0103 mearg\u0103 pe urmele lui Isus, atunci prime\u0219te \u0219i credin\u021ba pentru a merge pe aceasta. Slav\u0103 lui Dumnezeu!<\/p>\n<p>&nbsp;<\/p>\n<p><strong>II. Prin a cre\u0219te lumina vie\u021bii, descoperind \u0219i \u00eendep\u0103rt\u00e2nd p\u0103catul incon\u0219tient: cre\u0219terea \u00een bine<\/strong>.<\/p>\n<p>Aceasta este aceea\u0219i cu transformarea cresc\u00e2nd\u0103 \u00een interiorul nostru \u0219i la fel ca \u0219i cre\u0219terea \u00een a fi p\u0103rta\u0219 naturii dumnezeie\u0219ti.<\/p>\n<p>Aici nu este pentru noi vreo \u021bint\u0103 definit\u0103, dar putem spune posibilit\u0103\u021bi nelimitate. \u021ainta devine atunci:<\/p>\n<p><strong>C\u00e2t mai mult\u0103 cre\u0219tere \u0219i transformare!<\/strong><\/p>\n<p>Din acela\u0219i motiv devin <strong>toate roadele Duhului<\/strong> \u0219i <strong>toate virtu\u021bile lui Hristos<\/strong> \u00een cea mai mare m\u0103sur\u0103 \u0219i profunzime care au un interes viu \u00een orice moment.<\/p>\n<p>\u201eCredem, de aceea vorbim\u201d, spune Pavel. Vorbim despre ceea ce g\u00e2ndim. C\u00e2nd nu vorbi\u021bi deloc despre acest lucru, acesta are motivul s\u0103u specific: nu \u00eel crezi. \u2013<\/p>\n<p>At\u00e2t despre capitolul I c\u00e2t \u0219i despre capitolul II trebuie spus: aici nu ajut\u0103 cu dorin\u021be \u0219i vise, \u0219i nici cu \u00eencerc\u0103ri mai mult sau mai pu\u021bin matematice. Nu \u2013 nu ajut\u0103 absolut deloc! Singurul lucru care-i de folos, care func\u021bioneaz\u0103, este credin\u021ba vie \u00een lucrarea lui Dumnezeu \u0219i a lui Hristos, \u0219i \u00een Cuv\u00e2ntul care vorbe\u0219te foarte clar, hot\u0103r\u00e2tor \u0219i decisiv despre aceasta, da, care aproape c\u0103 nu vorbe\u0219te despre altceva. \u2013 Cite\u0219te, g\u00e2nde\u0219te \u0219i crede!<\/p>\n<p><em>Elias Aslaksen.<\/em><\/p>\n\t\t<\/div>\n\t\t\t\t\t<\/div>\n\n\t\n\n\t<div id=\"col-1860719609\" class=\"col copyright small-12 large-12\"  >\n\t\t\t\t<div class=\"col-inner text-left\"  >\n\t\t\t\n\t\t\t\n<div>\u00a9 Copyright Stiftelsen Skjulte Skatters Forlag<\/div>\n\t\t<\/div>\n\t\t\t\t\t<\/div>\n\n\t\n\n\t<div id=\"col-875647981\" class=\"col small-12 large-12\"  >\n\t\t\t\t<div class=\"col-inner text-left\"  >\n\t\t\t\n\t\t\t\n<div><a href=\"#\" class=\"read-more\">Cite\u0219te mai departe<\/a><\/div>\n\t\t<\/div>\n\t\t\t\t\t<\/div>\n\n\t\n\n\t<div id=\"col-183158966\" class=\"col small-12 large-12\"  >\n\t\t\t\t<div class=\"col-inner text-left\"  >\n\t\t\t\n\t\t\t\n<p class=\"next-previous-message\"><a class=\"previous\" href=\"\/ro\/bible-studies\/theme-2\/taking-up-your-cross\/\"><i class=\"icon-angle-left\"><\/i> Previous<\/a><a class=\"next\" href=\"\/ro\/bible-studies\/theme-2\/deny-oneself\/\">Next <i class=\"icon-angle-right\"><\/i><\/a><\/p>\n\t\t<\/div>\n\t\t\t\t\t<\/div>\n\n\t\n<\/div>\n\t\t<\/div>\n\n\t\t\n<style>\n#section_875437408 {\n  padding-top: 0px;\n  padding-bottom: 0px;\n  margin-bottom: 0px;\n}\n@media (min-width:550px) {\n  #section_875437408 {\n    padding-top: 0px;\n    padding-bottom: 0px;\n  }\n}\n<\/style>\n\t<\/section>\n\t\n\n\t<section class=\"section food-for-thought\" id=\"section_1724520183\">\n\t\t<div class=\"section-bg fill\" >\n\t\t\t\t\t\t\t\t\t\n\t\t\t\n\n\t\t<\/div>\n\n\t\t\n\n\t\t<div class=\"section-content relative\">\n\t\t\t\n<div class=\"row align-center\"  id=\"row-2079886696\">\n\n\t<div id=\"col-1188271080\" class=\"col title small-12 large-12\"  >\n\t\t\t\t<div class=\"col-inner text-left dark\"  >\n\t\t\t\n\t\t\t\n<h2>Devotional<\/h2>\n\t\t<\/div>\n\t\t\t\t\t<\/div>\n\n\t\n\n\t<div id=\"col-701048497\" class=\"col small-12 large-12\"  >\n\t\t\t\t<div class=\"col-inner dark\"  >\n\t\t\t\n\t\t\t\n<p>Noteaz\u0103 toate \u00eendemnurile pe care Aslaksen le scrie \u00een articolul \u201eCele dou\u0103 mari \u021binte \u00een via\u021ba unui cre\u0219tin\u201d. Este vreunul dintre acestea care \u00ee\u021bi vorbe\u0219te \u021bie \u00een mod special?<\/p>\n<p class='info'>You have to <a href='\/login\/'>log in<\/a> if you want to save your answer.<\/p>\n\t\t<\/div>\n\t\t\t\t\t<\/div>\n\n\t\n<\/div>\n\t\t<\/div>\n\n\t\t\n<style>\n#section_1724520183 {\n  padding-top: 30px;\n  padding-bottom: 30px;\n  background-color: rgb(73, 92, 94);\n}\n<\/style>\n\t<\/section>\n\t\n","protected":false},"excerpt":{"rendered":"","protected":false},"author":5,"featured_media":0,"parent":10120,"menu_order":0,"comment_status":"closed","ping_status":"closed","template":"page-blank.php","meta":{"footnotes":""},"class_list":["post-11044","page","type-page","status-publish","hentry"],"aioseo_notices":[],"_links":{"self":[{"href":"https:\/\/words-of-faith.org\/ro\/wp-json\/wp\/v2\/pages\/11044","targetHints":{"allow":["GET"]}}],"collection":[{"href":"https:\/\/words-of-faith.org\/ro\/wp-json\/wp\/v2\/pages"}],"about":[{"href":"https:\/\/words-of-faith.org\/ro\/wp-json\/wp\/v2\/types\/page"}],"author":[{"embeddable":true,"href":"https:\/\/words-of-faith.org\/ro\/wp-json\/wp\/v2\/users\/5"}],"replies":[{"embeddable":true,"href":"https:\/\/words-of-faith.org\/ro\/wp-json\/wp\/v2\/comments?post=11044"}],"version-history":[{"count":0,"href":"https:\/\/words-of-faith.org\/ro\/wp-json\/wp\/v2\/pages\/11044\/revisions"}],"up":[{"embeddable":true,"href":"https:\/\/words-of-faith.org\/ro\/wp-json\/wp\/v2\/pages\/10120"}],"wp:attachment":[{"href":"https:\/\/words-of-faith.org\/ro\/wp-json\/wp\/v2\/media?parent=11044"}],"curies":[{"name":"wp","href":"https:\/\/api.w.org\/{rel}","templated":true}]}}