{"id":15434,"date":"2020-06-10T19:27:17","date_gmt":"2020-06-10T17:27:17","guid":{"rendered":"https:\/\/aslaksen.bcc.no\/?page_id=15434"},"modified":"2020-08-21T13:54:38","modified_gmt":"2020-08-21T11:54:38","slug":"smerenia-este-lucrul-principal","status":"publish","type":"page","link":"https:\/\/words-of-faith.org\/ro\/studiu-biblic\/tema-4\/smerenia-este-lucrul-principal\/","title":{"rendered":"Smerenia este lucrul principal"},"content":{"rendered":"\n\t<section class=\"section\" id=\"section_1344508130\">\n\t\t<div class=\"section-bg fill\" >\n\t\t\t\t\t\t\t\t\t\n\t\t\t\n\n\t\t<\/div>\n\n\t\t\n\n\t\t<div class=\"section-content relative\">\n\t\t\t\n<div class=\"row align-center\"  id=\"row-1878982171\">\n\n\t<div id=\"col-967895671\" class=\"col small-12 large-12\"  >\n\t\t\t\t<div class=\"col-inner\"  >\n\t\t\t\n\t\t\t\n<p class=\"breadcrumbs\"><a href=\"..\/\">Theme 4<\/a> \/ Messages<\/p>\n<h1>Smerenia este lucrul principal<\/h1>\n<p class=\"article-date\">Extras dintr-o vorbire din ianuarie 1976<\/p>\n<p class=\"article-author\">de Elias Aslaksen<\/p>\n\t\t<\/div>\n\t\t\t\t\t<\/div>\n\n\t\n\n<style>\n#row-1878982171 > .col > .col-inner {\n  padding: 30px 0px 0px 0px;\n}\n<\/style>\n<\/div>\n<div class=\"row align-center audio\"  id=\"row-998105478\">\n\n\t<div id=\"col-1985012570\" class=\"col small-12 large-12\"  >\n\t\t\t\t<div class=\"col-inner\"  >\n\t\t\t\n\t\t\t\n<!--[if lt IE 9]><script>document.createElement('audio');<\/script><![endif]-->\n<audio class=\"wp-audio-shortcode\" id=\"audio-15434-1\" preload=\"none\" style=\"width: 100%;\" controls=\"controls\"><source type=\"audio\/mpeg\" src=\"\/audio\/Tema%204\/ROM\/19%20T%20-%20Ydmyk%20er%20selve%20saken_ROM.mp3?_=1\" \/><a href=\"\/audio\/Tema%204\/ROM\/19%20T%20-%20Ydmyk%20er%20selve%20saken_ROM.mp3\">\/audio\/Tema%204\/ROM\/19%20T%20-%20Ydmyk%20er%20selve%20saken_ROM.mp3<\/a><\/audio>\n<p class=\"click-to-listen\">Click to listen to the speech.<\/p>\n\t\t<\/div>\n\t\t\t\t\t<\/div>\n\n\t\n<\/div>\n<div class=\"row align-center article article-excerpt\"  id=\"row-532000496\">\n\n\t<div id=\"col-1506269715\" class=\"col small-12 large-12\"  >\n\t\t\t\t<div class=\"col-inner text-left\"  >\n\t\t\t\n\t\t\t\n<p>Dumnezeu d\u0103 har celui smerit. \u0218i atunci este zdrobitor de irelevant, noteaz\u0103 \u0219i asta, atunci este zdrobitor de irelevant ce fac to\u021bi ceilal\u021bi. C\u0103ci este pe c\u00e2t se poate de clar, ca soarele de clar, c\u0103 m\u00e2ntuirea, este o chestiune \u00eentre Dumnezeu \u0219i fiecare \u00een parte. Nu intr\u0103 nici un alt om acolo \u00een mijloc. Este o leg\u0103tur\u0103 \u00eentre Dumnezeu \u0219i mine. Nu se poate interveni cu al\u021bi oameni acolo. Eu sper c\u0103 voi \u00een\u021belege\u021bi ce spun.<\/p>\n<p>Dumnezeu d\u0103 har celui smerit. Da, cine poate sabota asta? Cine poate \u00eempiedica asta? Prin harul S\u0103u se reu\u0219e\u0219te. Har \u00eenseamn\u0103 \u0219i ajutor. Avem dou\u0103 cuvinte pentru har, unul este gra\u021biere, iar cel\u0103lalt este har. Gra\u021biere \u2013 este \u00eemp\u0103carea \u0219i iertarea p\u0103catelor. Aceasta este gra\u021bierea. Iar harul \u2013 este ajutor \u2013 ajutor puternic! \u00censeamn\u0103 s\u0103 prime\u0219ti lumin\u0103 adev\u0103rat\u0103, via\u021b\u0103 adev\u0103rat\u0103 \u2013 s\u0103 prime\u0219ti biruin\u021b\u0103 \u0219i s\u0103 mergi de la lumin\u0103 la lumin\u0103, de la biruin\u021b\u0103 la biruin\u021b\u0103 \u0219i de la slav\u0103 la slav\u0103.<\/p>\n<p>Faci aceasta conform legii smereniei. \u0218i mai este un alt g\u00e2nd prost: printr-un fel de timiditate, te po\u021bi g\u00e2ndi despre tine \u00eensu\u021bi \u2013 eu sunt un nenorocit foarte mare, nu poate ie\u0219i prea mult din mine. Asta este 100 % minciun\u0103. Este la fel de mult\u0103 n\u0103dejde pentru cei mai mari, pentru cel mai mare p\u0103c\u0103tos de pe p\u0103m\u00e2nt. Nu se pune \u00eentrebarea ce am fost, ci \u00eentrebarea este c\u00e2t de smeri\u021bi suntem \u0219i devenim, \u0219i ce vom fi dup\u0103 aceea.<\/p>\n<p>C\u0103ci prin aceasta devenim ceva cu adev\u0103rat. \u0218i se \u021bine cont \u0219i de milimetru \u0219i miligram. Dumnezeu este extrem de drept \u0219i nu face nicio diferen\u021biere \u00eentre persoane. Este indiferent c\u0103 sunt poc\u0103i\u021bi de cur\u00e2nd sau fra\u021bi b\u0103tr\u00e2ni sau ori\u0219icine ar fi. Este zdrobitor de irelevant. To\u021bi sunt identici \u00een fa\u021ba legii. Nu este nici urm\u0103 de favoritisme. De aceea se poate \u0219i \u00eent\u00e2mpla ca s\u0103 fi devenit uneori foarte bine cu unii, dar li se urc\u0103 la cap, \u0219i se pot nenoroci \u0219i distruge complet. \u0218i ajung pe dinafar\u0103. Suntem \u00een fa\u021ba alegerilor de nenum\u0103rate ori \u00een fiecare zi, de sute de ori, de mii de ori. \u0218i toate sunt manifest\u0103ri ale smereniei sau ale opusului.<\/p>\n\t\t<\/div>\n\t\t\t\t\t<\/div>\n\n\t\n\n\t<div id=\"col-1470296201\" class=\"col copyright small-12 large-12\"  >\n\t\t\t\t<div class=\"col-inner text-left\"  >\n\t\t\t\n\t\t\t\n<div>\u00a9 Copyright Stiftelsen Skjulte Skatters Forlag<\/div>\n\t\t<\/div>\n\t\t\t\t\t<\/div>\n\n\t\n\n\t<div id=\"col-1111181544\" class=\"col small-12 large-12\"  >\n\t\t\t\t<div class=\"col-inner text-left\"  >\n\t\t\t\n\t\t\t\n<div><a href=\"#\" class=\"read-more\">Cite\u0219te mai departe<\/a><\/div>\n\t\t<\/div>\n\t\t\t\t\t<\/div>\n\n\t\n\n\t<div id=\"col-318857559\" class=\"col small-12 large-12\"  >\n\t\t\t\t<div class=\"col-inner text-left\"  >\n\t\t\t\n\t\t\t\n<p class=\"next-previous-message\"><a class=\"previous\" href=\"\/ro\/bible-studies\/theme-4\/the-abundant-and-sure-grace-of-david\/\"><i class=\"icon-angle-left\"><\/i> Previous<\/a><a class=\"next\" href=\"\/ro\/bible-studies\/theme-4\/the-fundamental-law-of-a-godly-life\/\">Next <i class=\"icon-angle-right\"><\/i><\/a><\/p>\n\t\t<\/div>\n\t\t\t\t\t<\/div>\n\n\t\n<\/div>\n\t\t<\/div>\n\n\t\t\n<style>\n#section_1344508130 {\n  padding-top: 0px;\n  padding-bottom: 0px;\n  margin-bottom: 0px;\n}\n@media (min-width:550px) {\n  #section_1344508130 {\n    padding-top: 0px;\n    padding-bottom: 0px;\n  }\n}\n<\/style>\n\t<\/section>\n\t\n\n\t<section class=\"section food-for-thought\" id=\"section_980190219\">\n\t\t<div class=\"section-bg fill\" >\n\t\t\t\t\t\t\t\t\t\n\t\t\t\n\n\t\t<\/div>\n\n\t\t\n\n\t\t<div class=\"section-content relative\">\n\t\t\t\n<div class=\"row align-center\"  id=\"row-2129978621\">\n\n\t<div id=\"col-321081619\" class=\"col title small-12 large-12\"  >\n\t\t\t\t<div class=\"col-inner text-left dark\"  >\n\t\t\t\n\t\t\t\n<h2>Devotional<\/h2>\n\t\t<\/div>\n\t\t\t\t\t<\/div>\n\n\t\n\n\t<div id=\"col-1499695940\" class=\"col small-12 large-12\"  >\n\t\t\t\t<div class=\"col-inner dark\"  >\n\t\t\t\n\t\t\t\n<p>\u00cen vorbirea \u201eSmerenia este lucrul principal\u201d, Aslaksen spune c\u0103 un g\u00e2nd ca \u201eSunt un am\u0103r\u00e2t; nu se va alege mare lucru de mine\u201d este minciun\u0103. De ce este a\u0219a, conform lui Aslaksen?<\/p>\n<p class='info'>You have to <a href='\/login\/'>log in<\/a> if you want to save your answer.<\/p>\n\t\t<\/div>\n\t\t\t\t\t<\/div>\n\n\t\n<\/div>\n\t\t<\/div>\n\n\t\t\n<style>\n#section_980190219 {\n  padding-top: 30px;\n  padding-bottom: 30px;\n  background-color: rgb(73, 92, 94);\n}\n<\/style>\n\t<\/section>\n\t\n","protected":false},"excerpt":{"rendered":"","protected":false},"author":5,"featured_media":0,"parent":15414,"menu_order":1,"comment_status":"closed","ping_status":"closed","template":"page-blank.php","meta":{"footnotes":""},"class_list":["post-15434","page","type-page","status-publish","hentry"],"aioseo_notices":[],"_links":{"self":[{"href":"https:\/\/words-of-faith.org\/ro\/wp-json\/wp\/v2\/pages\/15434","targetHints":{"allow":["GET"]}}],"collection":[{"href":"https:\/\/words-of-faith.org\/ro\/wp-json\/wp\/v2\/pages"}],"about":[{"href":"https:\/\/words-of-faith.org\/ro\/wp-json\/wp\/v2\/types\/page"}],"author":[{"embeddable":true,"href":"https:\/\/words-of-faith.org\/ro\/wp-json\/wp\/v2\/users\/5"}],"replies":[{"embeddable":true,"href":"https:\/\/words-of-faith.org\/ro\/wp-json\/wp\/v2\/comments?post=15434"}],"version-history":[{"count":0,"href":"https:\/\/words-of-faith.org\/ro\/wp-json\/wp\/v2\/pages\/15434\/revisions"}],"up":[{"embeddable":true,"href":"https:\/\/words-of-faith.org\/ro\/wp-json\/wp\/v2\/pages\/15414"}],"wp:attachment":[{"href":"https:\/\/words-of-faith.org\/ro\/wp-json\/wp\/v2\/media?parent=15434"}],"curies":[{"name":"wp","href":"https:\/\/api.w.org\/{rel}","templated":true}]}}